{"id":15628,"date":"2019-01-29T18:11:30","date_gmt":"2019-01-29T17:11:30","guid":{"rendered":"https:\/\/www.csdesign.fr\/wordpress\/?page_id=15628"},"modified":"2019-01-31T14:20:50","modified_gmt":"2019-01-31T13:20:50","slug":"suivi-pilotage-et-coordination","status":"publish","type":"page","link":"https:\/\/www.csdesign.fr\/wordpress\/competences\/suivi-pilotage-et-coordination\/","title":{"rendered":"Suivi, pilotage et coordination"},"content":{"rendered":"<div class=\"wpb-content-wrapper\"><p>[vc_row bg_color=\u00a0\u00bb#e61a4a\u00a0\u00bb section_arrow=\u00a0\u00bbfalse\u00a0\u00bb text_color=\u00a0\u00bblight\u00a0\u00bb top_padding=\u00a0\u00bb100&Prime; bottom_padding=\u00a0\u00bb100&Prime;][vc_column width=\u00a0\u00bb1\/1&Prime;]<h1 class=\"headline font-inherit fontsize-xxl fontweight-inherit lh-12 align-center transform-uppercase \" style=\"margin: 0 0 20px 0;\"><strong>Suivi, pilotage et coordination<\/strong><\/h1>[\/vc_column][\/vc_row][vc_row top_padding=\u00a0\u00bb50&Prime; bottom_padding=\u00a0\u00bb50&Prime;][vc_column width=\u00a0\u00bb1\/2&Prime;][vc_column_text]CS DESIGN pilote et coordonne les projets d\u2019am\u00e9nagements et les chantiers de r\u00e9alisation afin de vous garantir une livraison dans les temps et dans le respect du budget.[\/vc_column_text][\/vc_column][vc_column width=\u00a0\u00bb1\/2&Prime;][vc_column_text]L\u2019\u00e9quipe CS DESIGN suit les chantiers en tant que ma\u00eetre d\u2019\u0153uvre ou dans le cadre de commande sp\u00e9cifique\u00a0: gestion des planning, suivi des d\u00e9comptes et assistance pour r\u00e9ceptions des ouvrages dans le respect du design souhait\u00e9. [\/vc_column_text][\/vc_column][\/vc_row][vc_row type=\u00a0\u00bbfull_width_section\u00a0\u00bb text_align=\u00a0\u00bbcenter\u00a0\u00bb top_padding=\u00a0\u00bb50&Prime; bottom_padding=\u00a0\u00bb50&Prime; bg_position=\u00a0\u00bbcenter top\u00a0\u00bb][vc_column width=\u00a0\u00bb1\/1&Prime;]<h2 class=\"headline font-special fontsize-xxl fontweight-700 lh-inherit align-center transform-uppercase \" style=\"margin: 0 0 60px 0;\">Nos r\u00e9f\u00e9rences \u00ab\u00a0OPC\u00a0\u00bb<\/h2>\n\t\t<div class=\"portfolio-element\">\n\n\t\t\n\t\t\n\t\t\t\t\t<div id=\"256216440\" class=\"portfolio-items portfolio-nomargin portfolio-overlay-effect clearfix\" data-id=\"256216440\">  \n\t\t\t\t\t\t\n\t\t\t\t\t\t\t\n\t\t\t\t\t\t\t\n\t\t\t\t\t\t\n\t\t\t\t\t\t\t\t\t\t\t\t\t\t\t\t\n\t\t\t\t\t\t\t\t   \n\n\t\t\t\t\t\t\t\t<div class=\"term-musee-exposition term-opc term-scenographie portfolio-item nomargin\">\n\t\t\t\t\t\t\t\t\t<div class=\"portfolio-image\"><a href=\"https:\/\/www.csdesign.fr\/wordpress\/references\/exposition-le-prince-albert-1er-de-monaco-et-les-pyrenees\/\" title=\"Exposition \u00ab\u00a0le prince Albert 1er de Monaco et les Pyr\u00e9n\u00e9es\u00a0\u00bb\"><div class=\"portfolio-image-img\"><img decoding=\"async\" src=\"https:\/\/www.csdesign.fr\/wordpress\/wp-content\/uploads\/2022\/06\/SIG041_2400x180010-600x400.png\" alt=\"Exposition \u00ab\u00a0le prince Albert 1er de Monaco et les Pyr\u00e9n\u00e9es\u00a0\u00bb\" \/><\/div><div class=\"portfolio-overlay overlay-effect\"><span>Exposition \u00ab\u00a0le prince Albert 1er de Monaco et les Pyr\u00e9n\u00e9es\u00a0\u00bb<\/span><\/div><\/a><\/div>\n\t\t\t\t\t\t\t\t<\/div>\n\n\t\t\t\t\t\t\t\t\t\t\t\t  \n\t\t\t\t\t\t\n\t\t\t\t\t\t\t\n\t\t\t\t\t\t\t\n\t\t\t\t\t\t\n\t\t\t\t\t\t\t\t\t\t\t\t\t\t\t\t\n\t\t\t\t\t\t\t\t   \n\n\t\t\t\t\t\t\t\t<div class=\"term-design-mobilier term-mobilier term-musee-exposition term-museographie term-opc term-scenographie portfolio-item nomargin\">\n\t\t\t\t\t\t\t\t\t<div class=\"portfolio-image\"><a href=\"https:\/\/www.csdesign.fr\/wordpress\/references\/la-maison-de-la-biodiversite-foret-de-buzet\/\" title=\"La maison de la biodiversit\u00e9, for\u00eat de Buzet\"><div class=\"portfolio-image-img\"><img decoding=\"async\" src=\"https:\/\/www.csdesign.fr\/wordpress\/wp-content\/uploads\/2020\/04\/exposition-scientifique-exterieur-scenographie-ludique-France-CSDesign-600x400.jpg\" alt=\"La maison de la biodiversit\u00e9, for\u00eat de Buzet\" \/><\/div><div class=\"portfolio-overlay overlay-effect\"><span>La maison de la biodiversit\u00e9, for\u00eat de Buzet<\/span><\/div><\/a><\/div>\n\t\t\t\t\t\t\t\t<\/div>\n\n\t\t\t\t\t\t\t\t\t\t\t\t  \n\t\t\t\t\t\t\n\t\t\t\t\t\t\t\n\t\t\t\t\t\t\t\n\t\t\t\t\t\t\n\t\t\t\t\t\t\t\t\t\t\t\t\t\t\t\t\n\t\t\t\t\t\t\t\t   \n\n\t\t\t\t\t\t\t\t<div class=\"term-graphisme term-illustration term-musee-exposition term-opc term-scenographie portfolio-item nomargin\">\n\t\t\t\t\t\t\t\t\t<div class=\"portfolio-image\"><a href=\"https:\/\/www.csdesign.fr\/wordpress\/references\/plongee-au-coeur-des-canyons-exposition-immersive-et-itinerante-marseille\/\" title=\"Plong\u00e9e au c\u0153ur des canyons\"><div class=\"portfolio-image-img\"><img decoding=\"async\" src=\"https:\/\/www.csdesign.fr\/wordpress\/wp-content\/uploads\/2020\/04\/scenographie-marseille-biodiversite-csdesign-1-600x400.jpg\" alt=\"Plong\u00e9e au c\u0153ur des canyons\" \/><\/div><div class=\"portfolio-overlay overlay-effect\"><span>Plong\u00e9e au c\u0153ur des canyons<\/span><\/div><\/a><\/div>\n\t\t\t\t\t\t\t\t<\/div>\n\n\t\t\t\t\t\t\t\t\t\t\t\t  \n\t\t\t\t\t\t\n\t\t\t\t\t\t\t\n\t\t\t\t\t\t\t\n\t\t\t\t\t\t\n\t\t\t\t\t\t\t\t\t\t\t\t\t\t\t\t\n\t\t\t\t\t\t\t\t   \n\n\t\t\t\t\t\t\t\t<div class=\"term-graphisme term-musee-exposition term-opc term-scenographie portfolio-item nomargin\">\n\t\t\t\t\t\t\t\t\t<div class=\"portfolio-image\"><a href=\"https:\/\/www.csdesign.fr\/wordpress\/references\/marseille-et-lepopee-du-canal-de-suez-au-musee-dhistoire-de-marseille-2018\/\" title=\"Mus\u00e9e d\u2019Histoire de Marseille\"><div class=\"portfolio-image-img\"><img decoding=\"async\" src=\"https:\/\/www.csdesign.fr\/wordpress\/wp-content\/uploads\/2019\/01\/Photo-phare-Suez-600x400.jpg\" alt=\"Mus\u00e9e d\u2019Histoire de Marseille\" \/><\/div><div class=\"portfolio-overlay overlay-effect\"><span>Mus\u00e9e d\u2019Histoire de Marseille<\/span><\/div><\/a><\/div>\n\t\t\t\t\t\t\t\t<\/div>\n\n\t\t\t\t\t\t\t\t\t\t\t\t  \n\t\t\t\t\t\t\t\t\t\t\t<\/div>\n\n\t\t\n\t\t<\/div>\n\t\t\t\n\t\t\t\t\n\t\t<div class=\"spacer\" style=\"height: 30px;\"><\/div><a href=\"https:\/\/www.csdesign.fr\/projets\/\" target=\"_self\" class=\"button color-3 medium \" style=\"border-radius: 2px;\">Voir tous les projets<\/a>[\/vc_column][\/vc_row]<\/p>\n<\/div>","protected":false},"excerpt":{"rendered":"<p>[vc_row bg_color=\u00a0\u00bb#e61a4a\u00a0\u00bb section_arrow=\u00a0\u00bbfalse\u00a0\u00bb text_color=\u00a0\u00bblight\u00a0\u00bb top_padding=\u00a0\u00bb100&Prime; bottom_padding=\u00a0\u00bb100&Prime;][vc_column width=\u00a0\u00bb1\/1&Prime;][\/vc_column][\/vc_row][vc_row top_padding=\u00a0\u00bb50&Prime; bottom_padding=\u00a0\u00bb50&Prime;][vc_column width=\u00a0\u00bb1\/2&Prime;][vc_column_text]CS DESIGN pilote et coordonne les projets d\u2019am\u00e9nagements et les chantiers de r\u00e9alisation afin de vous garantir une livraison dans les temps et dans le respect du budget.[\/vc_column_text][\/vc_column][vc_column width=\u00a0\u00bb1\/2&Prime;][vc_column_text]L\u2019\u00e9quipe CS DESIGN suit les chantiers en tant que ma\u00eetre d\u2019\u0153uvre ou dans le cadre de commande sp\u00e9cifique\u00a0: gestion des planning, suivi des d\u00e9comptes et assistance pour r\u00e9ceptions des ouvrages dans le respect du design souhait\u00e9. [\/vc_column_text][\/vc_column][\/vc_row][vc_row type=\u00a0\u00bbfull_width_section\u00a0\u00bb text_align=\u00a0\u00bbcenter\u00a0\u00bb top_padding=\u00a0\u00bb50&Prime; bottom_padding=\u00a0\u00bb50&Prime; bg_position=\u00a0\u00bbcenter top\u00a0\u00bb][vc_column width=\u00a0\u00bb1\/1&Prime;][\/vc_column][\/vc_row]<\/p>\n","protected":false},"author":2,"featured_media":0,"parent":15424,"menu_order":0,"comment_status":"closed","ping_status":"closed","template":"","meta":{"footnotes":""},"class_list":["post-15628","page","type-page","status-publish","hentry"],"_links":{"self":[{"href":"https:\/\/www.csdesign.fr\/wordpress\/wp-json\/wp\/v2\/pages\/15628","targetHints":{"allow":["GET"]}}],"collection":[{"href":"https:\/\/www.csdesign.fr\/wordpress\/wp-json\/wp\/v2\/pages"}],"about":[{"href":"https:\/\/www.csdesign.fr\/wordpress\/wp-json\/wp\/v2\/types\/page"}],"author":[{"embeddable":true,"href":"https:\/\/www.csdesign.fr\/wordpress\/wp-json\/wp\/v2\/users\/2"}],"replies":[{"embeddable":true,"href":"https:\/\/www.csdesign.fr\/wordpress\/wp-json\/wp\/v2\/comments?post=15628"}],"version-history":[{"count":0,"href":"https:\/\/www.csdesign.fr\/wordpress\/wp-json\/wp\/v2\/pages\/15628\/revisions"}],"up":[{"embeddable":true,"href":"https:\/\/www.csdesign.fr\/wordpress\/wp-json\/wp\/v2\/pages\/15424"}],"wp:attachment":[{"href":"https:\/\/www.csdesign.fr\/wordpress\/wp-json\/wp\/v2\/media?parent=15628"}],"curies":[{"name":"wp","href":"https:\/\/api.w.org\/{rel}","templated":true}]}}