{"id":15805,"date":"2019-01-30T16:28:45","date_gmt":"2019-01-30T15:28:45","guid":{"rendered":"https:\/\/www.csdesign.fr\/wordpress\/?page_id=15805"},"modified":"2019-02-01T11:39:53","modified_gmt":"2019-02-01T10:39:53","slug":"interventions-musees-expositions","status":"publish","type":"page","link":"https:\/\/www.csdesign.fr\/wordpress\/projets\/interventions-musees-expositions\/","title":{"rendered":"Mus\u00e9es \/ Expositions"},"content":{"rendered":"<div class=\"wpb-content-wrapper\"><p>[vc_row type=\u00a0\u00bbfull_width_section\u00a0\u00bb text_align=\u00a0\u00bbcenter\u00a0\u00bb top_padding=\u00a0\u00bb50&Prime; bottom_padding=\u00a0\u00bb50&Prime; bg_position=\u00a0\u00bbcenter top\u00a0\u00bb][vc_column width=\u00a0\u00bb1\/1&Prime;]\n\t\t<div class=\"portfolio-element\">\n\n\t\t\n\t\t\t\t\t<div class=\"container\">\n\t\t\n\t\t\t\t\t<div id=\"1082029911\" class=\"portfolio-items portfolio-default portfolio-overlay-name clearfix\" data-id=\"1082029911\">  \n\t\t\t\t\t\t\n\t\t\t\t\t\t\t\n\t\t\t\t\t\t\t\n\t\t\t\t\t\t\n\t\t\t\t\t\t\t\t\t\t\t\t\t\t\t\t\n\t\t\t\t\t\t\t\t   \n\n\t\t\t\t\t\t\t\t<div class=\"term-musee-exposition term-opc term-scenographie portfolio-item four columns\">\n\t\t\t\t\t\t\t\t\t<div class=\"portfolio-image\"><a href=\"https:\/\/www.csdesign.fr\/wordpress\/references\/exposition-le-prince-albert-1er-de-monaco-et-les-pyrenees\/\" title=\"Exposition \u00ab\u00a0le prince Albert 1er de Monaco et les Pyr\u00e9n\u00e9es\u00a0\u00bb\"><div class=\"portfolio-image-img\"><img decoding=\"async\" src=\"https:\/\/www.csdesign.fr\/wordpress\/wp-content\/uploads\/2022\/06\/SIG041_2400x180010-600x400.png\" alt=\"Exposition \u00ab\u00a0le prince Albert 1er de Monaco et les Pyr\u00e9n\u00e9es\u00a0\u00bb\" \/><\/div><div class=\"portfolio-overlay overlay-name\"><span>Exposition \u00ab\u00a0le prince Albert 1er de Monaco et les Pyr\u00e9n\u00e9es\u00a0\u00bb<\/span><i class=\"icon-minti-plus\"><\/i><\/div><\/a><\/div>\n\t\t\t\t\t\t\t\t\t<h4><a href=\"https:\/\/www.csdesign.fr\/wordpress\/references\/exposition-le-prince-albert-1er-de-monaco-et-les-pyrenees\/\" title=\"Exposition \u00ab\u00a0le prince Albert 1er de Monaco et les Pyr\u00e9n\u00e9es\u00a0\u00bb\">Exposition \u00ab\u00a0le prince Albert 1er de Monaco et les Pyr\u00e9n\u00e9es\u00a0\u00bb<\/a><\/h4>\n\t\t\t\t\t\t\t\t\t<span class=\"portfolio-subtitle\"><\/span>\n\t\t\t\t\t\t\t\t<\/div>\n\n\t\t\t\t\t\t\t\t\t\t\t\t  \n\t\t\t\t\t\t\n\t\t\t\t\t\t\t\n\t\t\t\t\t\t\t\n\t\t\t\t\t\t\n\t\t\t\t\t\t\t\t\t\t\t\t\t\t\t\t\n\t\t\t\t\t\t\t\t   \n\n\t\t\t\t\t\t\t\t<div class=\"term-centre-dinterpretation term-design-mobilier term-mobilier term-musee-exposition term-scenographie portfolio-item four columns\">\n\t\t\t\t\t\t\t\t\t<div class=\"portfolio-image\"><a href=\"https:\/\/www.csdesign.fr\/wordpress\/references\/abbaye-de-beaulieu-en-rouergue\/\" title=\"Abbaye de Beaulieu-en-Rouergue\"><div class=\"portfolio-image-img\"><img decoding=\"async\" src=\"https:\/\/www.csdesign.fr\/wordpress\/wp-content\/uploads\/2022\/11\/Abbaye-Beaulieu-CMN-02-600x400.jpg\" alt=\"Abbaye de Beaulieu-en-Rouergue\" \/><\/div><div class=\"portfolio-overlay overlay-name\"><span>Abbaye de Beaulieu-en-Rouergue<\/span><i class=\"icon-minti-plus\"><\/i><\/div><\/a><\/div>\n\t\t\t\t\t\t\t\t\t<h4><a href=\"https:\/\/www.csdesign.fr\/wordpress\/references\/abbaye-de-beaulieu-en-rouergue\/\" title=\"Abbaye de Beaulieu-en-Rouergue\">Abbaye de Beaulieu-en-Rouergue<\/a><\/h4>\n\t\t\t\t\t\t\t\t\t<span class=\"portfolio-subtitle\"><\/span>\n\t\t\t\t\t\t\t\t<\/div>\n\n\t\t\t\t\t\t\t\t\t\t\t\t  \n\t\t\t\t\t\t\n\t\t\t\t\t\t\t\n\t\t\t\t\t\t\t\n\t\t\t\t\t\t\n\t\t\t\t\t\t\t\t\t\t\t\t\t\t\t\t\n\t\t\t\t\t\t\t\t   \n\n\t\t\t\t\t\t\t\t<div class=\"term-design-mobilier term-mobilier term-musee-exposition term-museographie term-scenographie portfolio-item four columns\">\n\t\t\t\t\t\t\t\t\t<div class=\"portfolio-image\"><a href=\"https:\/\/www.csdesign.fr\/wordpress\/references\/maison-garonne-a-boe\/\" title=\"Maison Garonne \u00e0 Bo\u00e9\"><div class=\"portfolio-image-img\"><img decoding=\"async\" src=\"https:\/\/www.csdesign.fr\/wordpress\/wp-content\/uploads\/2020\/10\/etude-museographique-scenographique-Lot-et-Garonne-Boe-portada-600x400.jpg\" alt=\"Maison Garonne \u00e0 Bo\u00e9\" \/><\/div><div class=\"portfolio-overlay overlay-name\"><span>Maison Garonne \u00e0 Bo\u00e9<\/span><i class=\"icon-minti-plus\"><\/i><\/div><\/a><\/div>\n\t\t\t\t\t\t\t\t\t<h4><a href=\"https:\/\/www.csdesign.fr\/wordpress\/references\/maison-garonne-a-boe\/\" title=\"Maison Garonne \u00e0 Bo\u00e9\">Maison Garonne \u00e0 Bo\u00e9<\/a><\/h4>\n\t\t\t\t\t\t\t\t\t<span class=\"portfolio-subtitle\"><\/span>\n\t\t\t\t\t\t\t\t<\/div>\n\n\t\t\t\t\t\t\t\t\t\t\t\t  \n\t\t\t\t\t\t\n\t\t\t\t\t\t\t\n\t\t\t\t\t\t\t\n\t\t\t\t\t\t\n\t\t\t\t\t\t\t\t\t\t\t\t\t\t\t\t\n\t\t\t\t\t\t\t\t   \n\n\t\t\t\t\t\t\t\t<div class=\"term-design-mobilier term-mobilier term-musee-exposition term-museographie term-opc term-scenographie portfolio-item four columns\">\n\t\t\t\t\t\t\t\t\t<div class=\"portfolio-image\"><a href=\"https:\/\/www.csdesign.fr\/wordpress\/references\/la-maison-de-la-biodiversite-foret-de-buzet\/\" title=\"La maison de la biodiversit\u00e9, for\u00eat de Buzet\"><div class=\"portfolio-image-img\"><img decoding=\"async\" src=\"https:\/\/www.csdesign.fr\/wordpress\/wp-content\/uploads\/2020\/04\/exposition-scientifique-exterieur-scenographie-ludique-France-CSDesign-600x400.jpg\" alt=\"La maison de la biodiversit\u00e9, for\u00eat de Buzet\" \/><\/div><div class=\"portfolio-overlay overlay-name\"><span>La maison de la biodiversit\u00e9, for\u00eat de Buzet<\/span><i class=\"icon-minti-plus\"><\/i><\/div><\/a><\/div>\n\t\t\t\t\t\t\t\t\t<h4><a href=\"https:\/\/www.csdesign.fr\/wordpress\/references\/la-maison-de-la-biodiversite-foret-de-buzet\/\" title=\"La maison de la biodiversit\u00e9, for\u00eat de Buzet\">La maison de la biodiversit\u00e9, for\u00eat de Buzet<\/a><\/h4>\n\t\t\t\t\t\t\t\t\t<span class=\"portfolio-subtitle\"><\/span>\n\t\t\t\t\t\t\t\t<\/div>\n\n\t\t\t\t\t\t\t\t\t\t\t\t  \n\t\t\t\t\t\t\n\t\t\t\t\t\t\t\n\t\t\t\t\t\t\t\n\t\t\t\t\t\t\n\t\t\t\t\t\t\t\t\t\t\t\t\t\t\t\t\n\t\t\t\t\t\t\t\t   \n\n\t\t\t\t\t\t\t\t<div class=\"term-graphisme term-illustration term-musee-exposition term-opc term-scenographie portfolio-item four columns\">\n\t\t\t\t\t\t\t\t\t<div class=\"portfolio-image\"><a href=\"https:\/\/www.csdesign.fr\/wordpress\/references\/plongee-au-coeur-des-canyons-exposition-immersive-et-itinerante-marseille\/\" title=\"Plong\u00e9e au c\u0153ur des canyons\"><div class=\"portfolio-image-img\"><img decoding=\"async\" src=\"https:\/\/www.csdesign.fr\/wordpress\/wp-content\/uploads\/2020\/04\/scenographie-marseille-biodiversite-csdesign-1-600x400.jpg\" alt=\"Plong\u00e9e au c\u0153ur des canyons\" \/><\/div><div class=\"portfolio-overlay overlay-name\"><span>Plong\u00e9e au c\u0153ur des canyons<\/span><i class=\"icon-minti-plus\"><\/i><\/div><\/a><\/div>\n\t\t\t\t\t\t\t\t\t<h4><a href=\"https:\/\/www.csdesign.fr\/wordpress\/references\/plongee-au-coeur-des-canyons-exposition-immersive-et-itinerante-marseille\/\" title=\"Plong\u00e9e au c\u0153ur des canyons\">Plong\u00e9e au c\u0153ur des canyons<\/a><\/h4>\n\t\t\t\t\t\t\t\t\t<span class=\"portfolio-subtitle\"><\/span>\n\t\t\t\t\t\t\t\t<\/div>\n\n\t\t\t\t\t\t\t\t\t\t\t\t  \n\t\t\t\t\t\t\n\t\t\t\t\t\t\t\n\t\t\t\t\t\t\t\n\t\t\t\t\t\t\n\t\t\t\t\t\t\t\t\t\t\t\t\t\t\t\t\n\t\t\t\t\t\t\t\t   \n\n\t\t\t\t\t\t\t\t<div class=\"term-graphisme term-musee-exposition term-opc term-scenographie portfolio-item four columns\">\n\t\t\t\t\t\t\t\t\t<div class=\"portfolio-image\"><a href=\"https:\/\/www.csdesign.fr\/wordpress\/references\/marseille-et-lepopee-du-canal-de-suez-au-musee-dhistoire-de-marseille-2018\/\" title=\"Mus\u00e9e d\u2019Histoire de Marseille\"><div class=\"portfolio-image-img\"><img decoding=\"async\" src=\"https:\/\/www.csdesign.fr\/wordpress\/wp-content\/uploads\/2019\/01\/Photo-phare-Suez-600x400.jpg\" alt=\"Mus\u00e9e d\u2019Histoire de Marseille\" \/><\/div><div class=\"portfolio-overlay overlay-name\"><span>Mus\u00e9e d\u2019Histoire de Marseille<\/span><i class=\"icon-minti-plus\"><\/i><\/div><\/a><\/div>\n\t\t\t\t\t\t\t\t\t<h4><a href=\"https:\/\/www.csdesign.fr\/wordpress\/references\/marseille-et-lepopee-du-canal-de-suez-au-musee-dhistoire-de-marseille-2018\/\" title=\"Mus\u00e9e d\u2019Histoire de Marseille\">Mus\u00e9e d\u2019Histoire de Marseille<\/a><\/h4>\n\t\t\t\t\t\t\t\t\t<span class=\"portfolio-subtitle\"><\/span>\n\t\t\t\t\t\t\t\t<\/div>\n\n\t\t\t\t\t\t\t\t\t\t\t\t  \n\t\t\t\t\t\t\n\t\t\t\t\t\t\t\n\t\t\t\t\t\t\t\n\t\t\t\t\t\t\n\t\t\t\t\t\t\t\t\t\t\t\t\t\t\t\t\n\t\t\t\t\t\t\t\t   \n\n\t\t\t\t\t\t\t\t<div class=\"term-musee-exposition term-scenographie portfolio-item four columns\">\n\t\t\t\t\t\t\t\t\t<div class=\"portfolio-image\"><a href=\"https:\/\/www.csdesign.fr\/wordpress\/references\/le-centre-dhistoire-sur-la-resistance-et-la-deportation-en-ariege\/\" title=\"Le Centre d\u2019Histoire sur la r\u00e9sistance et la d\u00e9portation en Ari\u00e8ge\"><div class=\"portfolio-image-img\"><img decoding=\"async\" src=\"https:\/\/www.csdesign.fr\/wordpress\/wp-content\/uploads\/2019\/01\/Photo-phare-CHRDA-600x400.jpg\" alt=\"Le Centre d\u2019Histoire sur la r\u00e9sistance et la d\u00e9portation en Ari\u00e8ge\" \/><\/div><div class=\"portfolio-overlay overlay-name\"><span>Le Centre d\u2019Histoire sur la r\u00e9sistance et la d\u00e9portation en Ari\u00e8ge<\/span><i class=\"icon-minti-plus\"><\/i><\/div><\/a><\/div>\n\t\t\t\t\t\t\t\t\t<h4><a href=\"https:\/\/www.csdesign.fr\/wordpress\/references\/le-centre-dhistoire-sur-la-resistance-et-la-deportation-en-ariege\/\" title=\"Le Centre d\u2019Histoire sur la r\u00e9sistance et la d\u00e9portation en Ari\u00e8ge\">Le Centre d\u2019Histoire sur la r\u00e9sistance et la d\u00e9portation en Ari\u00e8ge<\/a><\/h4>\n\t\t\t\t\t\t\t\t\t<span class=\"portfolio-subtitle\"><\/span>\n\t\t\t\t\t\t\t\t<\/div>\n\n\t\t\t\t\t\t\t\t\t\t\t\t  \n\t\t\t\t\t\t\n\t\t\t\t\t\t\t\n\t\t\t\t\t\t\t\n\t\t\t\t\t\t\n\t\t\t\t\t\t\t\t\t\t\t\t\t\t\t\t\n\t\t\t\t\t\t\t\t   \n\n\t\t\t\t\t\t\t\t<div class=\"term-musee-exposition term-museographie term-opc term-scenographie portfolio-item four columns\">\n\t\t\t\t\t\t\t\t\t<div class=\"portfolio-image\"><a href=\"https:\/\/www.csdesign.fr\/wordpress\/references\/le-tresor-de-la-crypte-de-leglise-saint-jacques\/\" title=\"Le tr\u00e9sor de la Crypte de l&rsquo;Eglise Saint-Jacques\"><div class=\"portfolio-image-img\"><img decoding=\"async\" src=\"https:\/\/www.csdesign.fr\/wordpress\/wp-content\/uploads\/2019\/01\/Photo-phare-crypte-1-600x400.jpg\" alt=\"Le tr\u00e9sor de la Crypte de l&rsquo;Eglise Saint-Jacques\" \/><\/div><div class=\"portfolio-overlay overlay-name\"><span>Le tr\u00e9sor de la Crypte de l&rsquo;Eglise Saint-Jacques<\/span><i class=\"icon-minti-plus\"><\/i><\/div><\/a><\/div>\n\t\t\t\t\t\t\t\t\t<h4><a href=\"https:\/\/www.csdesign.fr\/wordpress\/references\/le-tresor-de-la-crypte-de-leglise-saint-jacques\/\" title=\"Le tr\u00e9sor de la Crypte de l&rsquo;Eglise Saint-Jacques\">Le tr\u00e9sor de la Crypte de l&rsquo;Eglise Saint-Jacques<\/a><\/h4>\n\t\t\t\t\t\t\t\t\t<span class=\"portfolio-subtitle\"><\/span>\n\t\t\t\t\t\t\t\t<\/div>\n\n\t\t\t\t\t\t\t\t\t\t\t\t  \n\t\t\t\t\t\t\n\t\t\t\t\t\t\t\n\t\t\t\t\t\t\t\n\t\t\t\t\t\t\n\t\t\t\t\t\t\t\t\t\t\t\t\t\t\t\t\n\t\t\t\t\t\t\t\t   \n\n\t\t\t\t\t\t\t\t<div class=\"term-graphisme term-musee-exposition term-scenographie portfolio-item four columns\">\n\t\t\t\t\t\t\t\t\t<div class=\"portfolio-image\"><a href=\"https:\/\/www.csdesign.fr\/wordpress\/references\/cartes-sur-table\/\" title=\"\u00ab\u00a0Cartes sur table\u00a0\u00bb\"><div class=\"portfolio-image-img\"><img decoding=\"async\" src=\"https:\/\/www.csdesign.fr\/wordpress\/wp-content\/uploads\/2019\/01\/PHOTO-PHARE-ALBI-600x400.jpg\" alt=\"\u00ab\u00a0Cartes sur table\u00a0\u00bb\" \/><\/div><div class=\"portfolio-overlay overlay-name\"><span>\u00ab\u00a0Cartes sur table\u00a0\u00bb<\/span><i class=\"icon-minti-plus\"><\/i><\/div><\/a><\/div>\n\t\t\t\t\t\t\t\t\t<h4><a href=\"https:\/\/www.csdesign.fr\/wordpress\/references\/cartes-sur-table\/\" title=\"\u00ab\u00a0Cartes sur table\u00a0\u00bb\">\u00ab\u00a0Cartes sur table\u00a0\u00bb<\/a><\/h4>\n\t\t\t\t\t\t\t\t\t<span class=\"portfolio-subtitle\"><\/span>\n\t\t\t\t\t\t\t\t<\/div>\n\n\t\t\t\t\t\t\t\t\t\t\t\t  \n\t\t\t\t\t\t\n\t\t\t\t\t\t\t\n\t\t\t\t\t\t\t\n\t\t\t\t\t\t\n\t\t\t\t\t\t\t\t\t\t\t\t\t\t\t\t\n\t\t\t\t\t\t\t\t   \n\n\t\t\t\t\t\t\t\t<div class=\"term-graphisme term-musee-exposition term-scenographie portfolio-item four columns\">\n\t\t\t\t\t\t\t\t\t<div class=\"portfolio-image\"><a href=\"https:\/\/www.csdesign.fr\/wordpress\/references\/40-ans-dans-les-andes-musee-champollion\/\" title=\"\u00ab\u00a040 ans dans les Andes\u00a0\u00bb, Mus\u00e9e Champollion\"><div class=\"portfolio-image-img\"><img decoding=\"async\" src=\"https:\/\/www.csdesign.fr\/wordpress\/wp-content\/uploads\/2019\/01\/Photo-Phare-FIGEAC-1.jpg\" alt=\"\u00ab\u00a040 ans dans les Andes\u00a0\u00bb, Mus\u00e9e Champollion\" \/><\/div><div class=\"portfolio-overlay overlay-name\"><span>\u00ab\u00a040 ans dans les Andes\u00a0\u00bb, Mus\u00e9e Champollion<\/span><i class=\"icon-minti-plus\"><\/i><\/div><\/a><\/div>\n\t\t\t\t\t\t\t\t\t<h4><a href=\"https:\/\/www.csdesign.fr\/wordpress\/references\/40-ans-dans-les-andes-musee-champollion\/\" title=\"\u00ab\u00a040 ans dans les Andes\u00a0\u00bb, Mus\u00e9e Champollion\">\u00ab\u00a040 ans dans les Andes\u00a0\u00bb, Mus\u00e9e Champollion<\/a><\/h4>\n\t\t\t\t\t\t\t\t\t<span class=\"portfolio-subtitle\"><\/span>\n\t\t\t\t\t\t\t\t<\/div>\n\n\t\t\t\t\t\t\t\t\t\t\t\t  \n\t\t\t\t\t\t\t\t\t\t\t<\/div>\n\n\t\t\t\t\t<\/div>\n\t\t\n\t\t<\/div>\n\t\t\t\n\t\t\t\t\n\t\t[\/vc_column][\/vc_row]<\/p>\n<\/div>","protected":false},"excerpt":{"rendered":"<p>[vc_row type=\u00a0\u00bbfull_width_section\u00a0\u00bb text_align=\u00a0\u00bbcenter\u00a0\u00bb top_padding=\u00a0\u00bb50&Prime; bottom_padding=\u00a0\u00bb50&Prime; bg_position=\u00a0\u00bbcenter top\u00a0\u00bb][vc_column width=\u00a0\u00bb1\/1&Prime;][\/vc_column][\/vc_row]<\/p>\n","protected":false},"author":2,"featured_media":0,"parent":3183,"menu_order":0,"comment_status":"closed","ping_status":"closed","template":"","meta":{"footnotes":""},"class_list":["post-15805","page","type-page","status-publish","hentry"],"_links":{"self":[{"href":"https:\/\/www.csdesign.fr\/wordpress\/wp-json\/wp\/v2\/pages\/15805","targetHints":{"allow":["GET"]}}],"collection":[{"href":"https:\/\/www.csdesign.fr\/wordpress\/wp-json\/wp\/v2\/pages"}],"about":[{"href":"https:\/\/www.csdesign.fr\/wordpress\/wp-json\/wp\/v2\/types\/page"}],"author":[{"embeddable":true,"href":"https:\/\/www.csdesign.fr\/wordpress\/wp-json\/wp\/v2\/users\/2"}],"replies":[{"embeddable":true,"href":"https:\/\/www.csdesign.fr\/wordpress\/wp-json\/wp\/v2\/comments?post=15805"}],"version-history":[{"count":0,"href":"https:\/\/www.csdesign.fr\/wordpress\/wp-json\/wp\/v2\/pages\/15805\/revisions"}],"up":[{"embeddable":true,"href":"https:\/\/www.csdesign.fr\/wordpress\/wp-json\/wp\/v2\/pages\/3183"}],"wp:attachment":[{"href":"https:\/\/www.csdesign.fr\/wordpress\/wp-json\/wp\/v2\/media?parent=15805"}],"curies":[{"name":"wp","href":"https:\/\/api.w.org\/{rel}","templated":true}]}}