{"id":3183,"date":"2013-01-06T12:44:47","date_gmt":"2013-01-06T12:44:47","guid":{"rendered":"http:\/\/inovado2.mintithemes.com\/?page_id=17"},"modified":"2019-01-31T14:18:06","modified_gmt":"2019-01-31T13:18:06","slug":"projets","status":"publish","type":"page","link":"https:\/\/www.csdesign.fr\/wordpress\/projets\/","title":{"rendered":"Nos projets"},"content":{"rendered":"<div class=\"wpb-content-wrapper\"><p>[vc_row type=\u00a0\u00bbfull_width_section\u00a0\u00bb bottom_padding=\u00a0\u00bb40&Prime; bg_position=\u00a0\u00bbleft top\u00a0\u00bb][vc_column width=\u00a0\u00bb1\/1&Prime;]\n\t\t<div class=\"portfolio-element\">\n\n\t\t\n\t\t\t<div class=\"portfolio-filters\" data-id=\"783744578\">\n\t\t\t\t<div class=\"container\">\n\t\t\t\t\t<div class=\"sixteen columns clearfix\">\n\t\t\t\t\t\t\t\t\t\t\t\t\t<ul class=\"clearfix\">\n\t\t\t\t\t\t\t\t<li><a href=\"#\" data-filter=\"*\" class=\"filter-all active\">All<\/a><\/li>\t\n\t\t\t\t\t\t\t\t\t\t\t\t\t\t\t\t\t\t\t\t\t\t\t\t\t\t<li><a href=\"#\" data-filter=\".term-graphisme\">Graphisme<\/a><\/li>\n\t\t\t\t\t\t\t\t\t\t\t\t\t\t\t\t\t\t\t\t\t\t\t\t\t\t<li><a href=\"#\" data-filter=\".term-mobilier\">Mobilier<\/a><\/li>\n\t\t\t\t\t\t\t\t\t\t\t\t\t\t\t\t\t\t\t\t\t\t\t\t\t\t<li><a href=\"#\" data-filter=\".term-museographie\">Mus\u00e9ographie<\/a><\/li>\n\t\t\t\t\t\t\t\t\t\t\t\t\t\t\t\t\t\t\t\t\t\t\t\t\t\t<li><a href=\"#\" data-filter=\".term-opc\">OPC<\/a><\/li>\n\t\t\t\t\t\t\t\t\t\t\t\t\t\t\t\t\t\t\t\t\t\t\t\t\t\t<li><a href=\"#\" data-filter=\".term-scenographie\">Sc\u00e9nographie<\/a><\/li>\n\t\t\t\t\t\t\t\t\t\t\t\t\t\t\t<\/ul>\n\t\t\t\t\t\t\t\t\t\t\t<\/div>\n\t\t\t\t<\/div>\n\t\t\t<\/div>\n\n\t\t\n\t\t\t\t\t<div class=\"container\">\n\t\t\n\t\t\t\t\t<div id=\"783744578\" class=\"portfolio-items portfolio-default portfolio-overlay-name clearfix\" data-id=\"783744578\">  \n\t\t\t\t\t\t\n\t\t\t\t\t\t\t\n\t\t\t\t\t\t\t\n\t\t\t\t\t\t\n\t\t\t\t\t\t\t\t\t\t\t\t\t\t\t\t\n\t\t\t\t\t\t\t\t   \n\n\t\t\t\t\t\t\t\t<div class=\"term-evenementiel term-graphisme term-scenographie portfolio-item four columns\">\n\t\t\t\t\t\t\t\t\t<div class=\"portfolio-image\"><a href=\"https:\/\/www.csdesign.fr\/wordpress\/references\/salon-occitanie-innov-2023\/\" title=\"Salon Occitanie Innov 2023\"><div class=\"portfolio-image-img\"><img decoding=\"async\" src=\"https:\/\/www.csdesign.fr\/wordpress\/wp-content\/uploads\/2023\/02\/DSC7509-600x400.jpg\" alt=\"Salon Occitanie Innov 2023\" \/><\/div><div class=\"portfolio-overlay overlay-name\"><span>Salon Occitanie Innov 2023<\/span><i class=\"icon-minti-plus\"><\/i><\/div><\/a><\/div>\n\t\t\t\t\t\t\t\t\t<h4><a href=\"https:\/\/www.csdesign.fr\/wordpress\/references\/salon-occitanie-innov-2023\/\" title=\"Salon Occitanie Innov 2023\">Salon Occitanie Innov 2023<\/a><\/h4>\n\t\t\t\t\t\t\t\t\t<span class=\"portfolio-subtitle\"><\/span>\n\t\t\t\t\t\t\t\t<\/div>\n\n\t\t\t\t\t\t\t\t\t\t\t\t  \n\t\t\t\t\t\t\n\t\t\t\t\t\t\t\n\t\t\t\t\t\t\t\n\t\t\t\t\t\t\n\t\t\t\t\t\t\t\t\t\t\t\t\t\t\t\t\n\t\t\t\t\t\t\t\t   \n\n\t\t\t\t\t\t\t\t<div class=\"term-musee-exposition term-opc term-scenographie portfolio-item four columns\">\n\t\t\t\t\t\t\t\t\t<div class=\"portfolio-image\"><a href=\"https:\/\/www.csdesign.fr\/wordpress\/references\/exposition-le-prince-albert-1er-de-monaco-et-les-pyrenees\/\" title=\"Exposition \u00ab\u00a0le prince Albert 1er de Monaco et les Pyr\u00e9n\u00e9es\u00a0\u00bb\"><div class=\"portfolio-image-img\"><img decoding=\"async\" src=\"https:\/\/www.csdesign.fr\/wordpress\/wp-content\/uploads\/2022\/06\/SIG041_2400x180010-600x400.png\" alt=\"Exposition \u00ab\u00a0le prince Albert 1er de Monaco et les Pyr\u00e9n\u00e9es\u00a0\u00bb\" \/><\/div><div class=\"portfolio-overlay overlay-name\"><span>Exposition \u00ab\u00a0le prince Albert 1er de Monaco et les Pyr\u00e9n\u00e9es\u00a0\u00bb<\/span><i class=\"icon-minti-plus\"><\/i><\/div><\/a><\/div>\n\t\t\t\t\t\t\t\t\t<h4><a href=\"https:\/\/www.csdesign.fr\/wordpress\/references\/exposition-le-prince-albert-1er-de-monaco-et-les-pyrenees\/\" title=\"Exposition \u00ab\u00a0le prince Albert 1er de Monaco et les Pyr\u00e9n\u00e9es\u00a0\u00bb\">Exposition \u00ab\u00a0le prince Albert 1er de Monaco et les Pyr\u00e9n\u00e9es\u00a0\u00bb<\/a><\/h4>\n\t\t\t\t\t\t\t\t\t<span class=\"portfolio-subtitle\"><\/span>\n\t\t\t\t\t\t\t\t<\/div>\n\n\t\t\t\t\t\t\t\t\t\t\t\t  \n\t\t\t\t\t\t\n\t\t\t\t\t\t\t\n\t\t\t\t\t\t\t\n\t\t\t\t\t\t\n\t\t\t\t\t\t\t\t\t\t\t\t\t\t\t\t\n\t\t\t\t\t\t\t\t   \n\n\t\t\t\t\t\t\t\t<div class=\"term-centre-dinterpretation term-design-mobilier term-mobilier term-musee-exposition term-scenographie portfolio-item four columns\">\n\t\t\t\t\t\t\t\t\t<div class=\"portfolio-image\"><a href=\"https:\/\/www.csdesign.fr\/wordpress\/references\/abbaye-de-beaulieu-en-rouergue\/\" title=\"Abbaye de Beaulieu-en-Rouergue\"><div class=\"portfolio-image-img\"><img decoding=\"async\" src=\"https:\/\/www.csdesign.fr\/wordpress\/wp-content\/uploads\/2022\/11\/Abbaye-Beaulieu-CMN-02-600x400.jpg\" alt=\"Abbaye de Beaulieu-en-Rouergue\" \/><\/div><div class=\"portfolio-overlay overlay-name\"><span>Abbaye de Beaulieu-en-Rouergue<\/span><i class=\"icon-minti-plus\"><\/i><\/div><\/a><\/div>\n\t\t\t\t\t\t\t\t\t<h4><a href=\"https:\/\/www.csdesign.fr\/wordpress\/references\/abbaye-de-beaulieu-en-rouergue\/\" title=\"Abbaye de Beaulieu-en-Rouergue\">Abbaye de Beaulieu-en-Rouergue<\/a><\/h4>\n\t\t\t\t\t\t\t\t\t<span class=\"portfolio-subtitle\"><\/span>\n\t\t\t\t\t\t\t\t<\/div>\n\n\t\t\t\t\t\t\t\t\t\t\t\t  \n\t\t\t\t\t\t\n\t\t\t\t\t\t\t\n\t\t\t\t\t\t\t\n\t\t\t\t\t\t\n\t\t\t\t\t\t\t\t\t\t\t\t\t\t\t\t\n\t\t\t\t\t\t\t\t   \n\n\t\t\t\t\t\t\t\t<div class=\"term-design-mobilier term-mobilier term-musee-exposition term-museographie term-scenographie portfolio-item four columns\">\n\t\t\t\t\t\t\t\t\t<div class=\"portfolio-image\"><a href=\"https:\/\/www.csdesign.fr\/wordpress\/references\/maison-garonne-a-boe\/\" title=\"Maison Garonne \u00e0 Bo\u00e9\"><div class=\"portfolio-image-img\"><img decoding=\"async\" src=\"https:\/\/www.csdesign.fr\/wordpress\/wp-content\/uploads\/2020\/10\/etude-museographique-scenographique-Lot-et-Garonne-Boe-portada-600x400.jpg\" alt=\"Maison Garonne \u00e0 Bo\u00e9\" \/><\/div><div class=\"portfolio-overlay overlay-name\"><span>Maison Garonne \u00e0 Bo\u00e9<\/span><i class=\"icon-minti-plus\"><\/i><\/div><\/a><\/div>\n\t\t\t\t\t\t\t\t\t<h4><a href=\"https:\/\/www.csdesign.fr\/wordpress\/references\/maison-garonne-a-boe\/\" title=\"Maison Garonne \u00e0 Bo\u00e9\">Maison Garonne \u00e0 Bo\u00e9<\/a><\/h4>\n\t\t\t\t\t\t\t\t\t<span class=\"portfolio-subtitle\"><\/span>\n\t\t\t\t\t\t\t\t<\/div>\n\n\t\t\t\t\t\t\t\t\t\t\t\t  \n\t\t\t\t\t\t\n\t\t\t\t\t\t\t\n\t\t\t\t\t\t\t\n\t\t\t\t\t\t\n\t\t\t\t\t\t\t\t\t\t\t\t\t\t\t\t\n\t\t\t\t\t\t\t\t   \n\n\t\t\t\t\t\t\t\t<div class=\"term-graphisme portfolio-item four columns\">\n\t\t\t\t\t\t\t\t\t<div class=\"portfolio-image\"><a href=\"https:\/\/www.csdesign.fr\/wordpress\/references\/mediatheque-chalucet-quartier-de-la-creativite-et-de-la-connaissance\/\" title=\"M\u00e9diath\u00e8que Chalucet, quartier de la cr\u00e9ativit\u00e9 et de la connaissance\"><div class=\"portfolio-image-img\"><img decoding=\"async\" src=\"https:\/\/www.csdesign.fr\/wordpress\/wp-content\/uploads\/2020\/04\/signaletique-culturelle-directionnelle-design-mediatheque-csdesign-1-600x400.jpg\" alt=\"M\u00e9diath\u00e8que Chalucet, quartier de la cr\u00e9ativit\u00e9 et de la connaissance\" \/><\/div><div class=\"portfolio-overlay overlay-name\"><span>M\u00e9diath\u00e8que Chalucet, quartier de la cr\u00e9ativit\u00e9 et de la connaissance<\/span><i class=\"icon-minti-plus\"><\/i><\/div><\/a><\/div>\n\t\t\t\t\t\t\t\t\t<h4><a href=\"https:\/\/www.csdesign.fr\/wordpress\/references\/mediatheque-chalucet-quartier-de-la-creativite-et-de-la-connaissance\/\" title=\"M\u00e9diath\u00e8que Chalucet, quartier de la cr\u00e9ativit\u00e9 et de la connaissance\">M\u00e9diath\u00e8que Chalucet, quartier de la cr\u00e9ativit\u00e9 et de la connaissance<\/a><\/h4>\n\t\t\t\t\t\t\t\t\t<span class=\"portfolio-subtitle\"><\/span>\n\t\t\t\t\t\t\t\t<\/div>\n\n\t\t\t\t\t\t\t\t\t\t\t\t  \n\t\t\t\t\t\t\n\t\t\t\t\t\t\t\n\t\t\t\t\t\t\t\n\t\t\t\t\t\t\n\t\t\t\t\t\t\t\t\t\t\t\t\t\t\t\t\n\t\t\t\t\t\t\t\t   \n\n\t\t\t\t\t\t\t\t<div class=\"term-design-mobilier term-mobilier term-musee-exposition term-museographie term-opc term-scenographie portfolio-item four columns\">\n\t\t\t\t\t\t\t\t\t<div class=\"portfolio-image\"><a href=\"https:\/\/www.csdesign.fr\/wordpress\/references\/la-maison-de-la-biodiversite-foret-de-buzet\/\" title=\"La maison de la biodiversit\u00e9, for\u00eat de Buzet\"><div class=\"portfolio-image-img\"><img decoding=\"async\" src=\"https:\/\/www.csdesign.fr\/wordpress\/wp-content\/uploads\/2020\/04\/exposition-scientifique-exterieur-scenographie-ludique-France-CSDesign-600x400.jpg\" alt=\"La maison de la biodiversit\u00e9, for\u00eat de Buzet\" \/><\/div><div class=\"portfolio-overlay overlay-name\"><span>La maison de la biodiversit\u00e9, for\u00eat de Buzet<\/span><i class=\"icon-minti-plus\"><\/i><\/div><\/a><\/div>\n\t\t\t\t\t\t\t\t\t<h4><a href=\"https:\/\/www.csdesign.fr\/wordpress\/references\/la-maison-de-la-biodiversite-foret-de-buzet\/\" title=\"La maison de la biodiversit\u00e9, for\u00eat de Buzet\">La maison de la biodiversit\u00e9, for\u00eat de Buzet<\/a><\/h4>\n\t\t\t\t\t\t\t\t\t<span class=\"portfolio-subtitle\"><\/span>\n\t\t\t\t\t\t\t\t<\/div>\n\n\t\t\t\t\t\t\t\t\t\t\t\t  \n\t\t\t\t\t\t\n\t\t\t\t\t\t\t\n\t\t\t\t\t\t\t\n\t\t\t\t\t\t\n\t\t\t\t\t\t\t\t\t\t\t\t\t\t\t\t\n\t\t\t\t\t\t\t\t   \n\n\t\t\t\t\t\t\t\t<div class=\"term-graphisme term-illustration term-musee-exposition term-opc term-scenographie portfolio-item four columns\">\n\t\t\t\t\t\t\t\t\t<div class=\"portfolio-image\"><a href=\"https:\/\/www.csdesign.fr\/wordpress\/references\/plongee-au-coeur-des-canyons-exposition-immersive-et-itinerante-marseille\/\" title=\"Plong\u00e9e au c\u0153ur des canyons\"><div class=\"portfolio-image-img\"><img decoding=\"async\" src=\"https:\/\/www.csdesign.fr\/wordpress\/wp-content\/uploads\/2020\/04\/scenographie-marseille-biodiversite-csdesign-1-600x400.jpg\" alt=\"Plong\u00e9e au c\u0153ur des canyons\" \/><\/div><div class=\"portfolio-overlay overlay-name\"><span>Plong\u00e9e au c\u0153ur des canyons<\/span><i class=\"icon-minti-plus\"><\/i><\/div><\/a><\/div>\n\t\t\t\t\t\t\t\t\t<h4><a href=\"https:\/\/www.csdesign.fr\/wordpress\/references\/plongee-au-coeur-des-canyons-exposition-immersive-et-itinerante-marseille\/\" title=\"Plong\u00e9e au c\u0153ur des canyons\">Plong\u00e9e au c\u0153ur des canyons<\/a><\/h4>\n\t\t\t\t\t\t\t\t\t<span class=\"portfolio-subtitle\"><\/span>\n\t\t\t\t\t\t\t\t<\/div>\n\n\t\t\t\t\t\t\t\t\t\t\t\t  \n\t\t\t\t\t\t\n\t\t\t\t\t\t\t\n\t\t\t\t\t\t\t\n\t\t\t\t\t\t\n\t\t\t\t\t\t\t\t\t\t\t\t\t\t\t\t\n\t\t\t\t\t\t\t\t   \n\n\t\t\t\t\t\t\t\t<div class=\"term-graphisme term-musee-exposition term-opc term-scenographie portfolio-item four columns\">\n\t\t\t\t\t\t\t\t\t<div class=\"portfolio-image\"><a href=\"https:\/\/www.csdesign.fr\/wordpress\/references\/marseille-et-lepopee-du-canal-de-suez-au-musee-dhistoire-de-marseille-2018\/\" title=\"Mus\u00e9e d\u2019Histoire de Marseille\"><div class=\"portfolio-image-img\"><img decoding=\"async\" src=\"https:\/\/www.csdesign.fr\/wordpress\/wp-content\/uploads\/2019\/01\/Photo-phare-Suez-600x400.jpg\" alt=\"Mus\u00e9e d\u2019Histoire de Marseille\" \/><\/div><div class=\"portfolio-overlay overlay-name\"><span>Mus\u00e9e d\u2019Histoire de Marseille<\/span><i class=\"icon-minti-plus\"><\/i><\/div><\/a><\/div>\n\t\t\t\t\t\t\t\t\t<h4><a href=\"https:\/\/www.csdesign.fr\/wordpress\/references\/marseille-et-lepopee-du-canal-de-suez-au-musee-dhistoire-de-marseille-2018\/\" title=\"Mus\u00e9e d\u2019Histoire de Marseille\">Mus\u00e9e d\u2019Histoire de Marseille<\/a><\/h4>\n\t\t\t\t\t\t\t\t\t<span class=\"portfolio-subtitle\"><\/span>\n\t\t\t\t\t\t\t\t<\/div>\n\n\t\t\t\t\t\t\t\t\t\t\t\t  \n\t\t\t\t\t\t\n\t\t\t\t\t\t\t\n\t\t\t\t\t\t\t\n\t\t\t\t\t\t\n\t\t\t\t\t\t\t\t\t\t\t\t\t\t\t\t\n\t\t\t\t\t\t\t\t   \n\n\t\t\t\t\t\t\t\t<div class=\"term-centre-dinterpretation term-graphisme term-mobilier term-museographie term-opc term-scenographie term-site-tourisme portfolio-item four columns\">\n\t\t\t\t\t\t\t\t\t<div class=\"portfolio-image\"><a href=\"https:\/\/www.csdesign.fr\/wordpress\/references\/la-gare-robert-doisneau\/\" title=\"La Gare Robert Doisneau\"><div class=\"portfolio-image-img\"><img decoding=\"async\" src=\"https:\/\/www.csdesign.fr\/wordpress\/wp-content\/uploads\/2019\/01\/photo-phare-Gare-DOISNEAU-600x400.jpg\" alt=\"La Gare Robert Doisneau\" \/><\/div><div class=\"portfolio-overlay overlay-name\"><span>La Gare Robert Doisneau<\/span><i class=\"icon-minti-plus\"><\/i><\/div><\/a><\/div>\n\t\t\t\t\t\t\t\t\t<h4><a href=\"https:\/\/www.csdesign.fr\/wordpress\/references\/la-gare-robert-doisneau\/\" title=\"La Gare Robert Doisneau\">La Gare Robert Doisneau<\/a><\/h4>\n\t\t\t\t\t\t\t\t\t<span class=\"portfolio-subtitle\"><\/span>\n\t\t\t\t\t\t\t\t<\/div>\n\n\t\t\t\t\t\t\t\t\t\t\t\t  \n\t\t\t\t\t\t\n\t\t\t\t\t\t\t\n\t\t\t\t\t\t\t\n\t\t\t\t\t\t\n\t\t\t\t\t\t\t\t\t\t\t\t\t\t\t\t\n\t\t\t\t\t\t\t\t   \n\n\t\t\t\t\t\t\t\t<div class=\"term-centre-dinterpretation term-mobilier term-scenographie portfolio-item four columns\">\n\t\t\t\t\t\t\t\t\t<div class=\"portfolio-image\"><a href=\"https:\/\/www.csdesign.fr\/wordpress\/references\/chateau-de-foix\/\" title=\"Ch\u00e2teau de Foix\"><div class=\"portfolio-image-img\"><img decoding=\"async\" src=\"https:\/\/www.csdesign.fr\/wordpress\/wp-content\/uploads\/2019\/01\/Photo-phare-FOIX-2-600x400.jpg\" alt=\"Ch\u00e2teau de Foix\" \/><\/div><div class=\"portfolio-overlay overlay-name\"><span>Ch\u00e2teau de Foix<\/span><i class=\"icon-minti-plus\"><\/i><\/div><\/a><\/div>\n\t\t\t\t\t\t\t\t\t<h4><a href=\"https:\/\/www.csdesign.fr\/wordpress\/references\/chateau-de-foix\/\" title=\"Ch\u00e2teau de Foix\">Ch\u00e2teau de Foix<\/a><\/h4>\n\t\t\t\t\t\t\t\t\t<span class=\"portfolio-subtitle\"><\/span>\n\t\t\t\t\t\t\t\t<\/div>\n\n\t\t\t\t\t\t\t\t\t\t\t\t  \n\t\t\t\t\t\t\n\t\t\t\t\t\t\t\n\t\t\t\t\t\t\t\n\t\t\t\t\t\t\n\t\t\t\t\t\t\t\t\t\t\t\t\t\t\t\t\n\t\t\t\t\t\t\t\t   \n\n\t\t\t\t\t\t\t\t<div class=\"term-scenographie term-site-tourisme portfolio-item four columns\">\n\t\t\t\t\t\t\t\t\t<div class=\"portfolio-image\"><a href=\"https:\/\/www.csdesign.fr\/wordpress\/references\/office-du-tourisme-grand-tourmalet\/\" title=\"Office du Tourisme Grand Tourmalet\"><div class=\"portfolio-image-img\"><img decoding=\"async\" src=\"https:\/\/www.csdesign.fr\/wordpress\/wp-content\/uploads\/2019\/01\/Photo-phare-BIGORRE-2-600x400.jpg\" alt=\"Office du Tourisme Grand Tourmalet\" \/><\/div><div class=\"portfolio-overlay overlay-name\"><span>Office du Tourisme Grand Tourmalet<\/span><i class=\"icon-minti-plus\"><\/i><\/div><\/a><\/div>\n\t\t\t\t\t\t\t\t\t<h4><a href=\"https:\/\/www.csdesign.fr\/wordpress\/references\/office-du-tourisme-grand-tourmalet\/\" title=\"Office du Tourisme Grand Tourmalet\">Office du Tourisme Grand Tourmalet<\/a><\/h4>\n\t\t\t\t\t\t\t\t\t<span class=\"portfolio-subtitle\"><\/span>\n\t\t\t\t\t\t\t\t<\/div>\n\n\t\t\t\t\t\t\t\t\t\t\t\t  \n\t\t\t\t\t\t\n\t\t\t\t\t\t\t\n\t\t\t\t\t\t\t\n\t\t\t\t\t\t\n\t\t\t\t\t\t\t\t\t\t\t\t\t\t\t\t\n\t\t\t\t\t\t\t\t   \n\n\t\t\t\t\t\t\t\t<div class=\"term-centre-dinterpretation term-graphisme term-opc term-scenographie portfolio-item four columns\">\n\t\t\t\t\t\t\t\t\t<div class=\"portfolio-image\"><a href=\"https:\/\/www.csdesign.fr\/wordpress\/references\/la-mouniere\/\" title=\"La Mouni\u00e8re\"><div class=\"portfolio-image-img\"><img decoding=\"async\" src=\"https:\/\/www.csdesign.fr\/wordpress\/wp-content\/uploads\/2019\/01\/Photo-Phare-Mouniere-600x400.jpg\" alt=\"La Mouni\u00e8re\" \/><\/div><div class=\"portfolio-overlay overlay-name\"><span>La Mouni\u00e8re<\/span><i class=\"icon-minti-plus\"><\/i><\/div><\/a><\/div>\n\t\t\t\t\t\t\t\t\t<h4><a href=\"https:\/\/www.csdesign.fr\/wordpress\/references\/la-mouniere\/\" title=\"La Mouni\u00e8re\">La Mouni\u00e8re<\/a><\/h4>\n\t\t\t\t\t\t\t\t\t<span class=\"portfolio-subtitle\"><\/span>\n\t\t\t\t\t\t\t\t<\/div>\n\n\t\t\t\t\t\t\t\t\t\t\t\t  \n\t\t\t\t\t\t\n\t\t\t\t\t\t\t\n\t\t\t\t\t\t\t\n\t\t\t\t\t\t\n\t\t\t\t\t\t\t\t\t\t\t\t\t\t\t\t\n\t\t\t\t\t\t\t\t   \n\n\t\t\t\t\t\t\t\t<div class=\"term-musee-exposition term-scenographie portfolio-item four columns\">\n\t\t\t\t\t\t\t\t\t<div class=\"portfolio-image\"><a href=\"https:\/\/www.csdesign.fr\/wordpress\/references\/le-centre-dhistoire-sur-la-resistance-et-la-deportation-en-ariege\/\" title=\"Le Centre d\u2019Histoire sur la r\u00e9sistance et la d\u00e9portation en Ari\u00e8ge\"><div class=\"portfolio-image-img\"><img decoding=\"async\" src=\"https:\/\/www.csdesign.fr\/wordpress\/wp-content\/uploads\/2019\/01\/Photo-phare-CHRDA-600x400.jpg\" alt=\"Le Centre d\u2019Histoire sur la r\u00e9sistance et la d\u00e9portation en Ari\u00e8ge\" \/><\/div><div class=\"portfolio-overlay overlay-name\"><span>Le Centre d\u2019Histoire sur la r\u00e9sistance et la d\u00e9portation en Ari\u00e8ge<\/span><i class=\"icon-minti-plus\"><\/i><\/div><\/a><\/div>\n\t\t\t\t\t\t\t\t\t<h4><a href=\"https:\/\/www.csdesign.fr\/wordpress\/references\/le-centre-dhistoire-sur-la-resistance-et-la-deportation-en-ariege\/\" title=\"Le Centre d\u2019Histoire sur la r\u00e9sistance et la d\u00e9portation en Ari\u00e8ge\">Le Centre d\u2019Histoire sur la r\u00e9sistance et la d\u00e9portation en Ari\u00e8ge<\/a><\/h4>\n\t\t\t\t\t\t\t\t\t<span class=\"portfolio-subtitle\"><\/span>\n\t\t\t\t\t\t\t\t<\/div>\n\n\t\t\t\t\t\t\t\t\t\t\t\t  \n\t\t\t\t\t\t\n\t\t\t\t\t\t\t\n\t\t\t\t\t\t\t\n\t\t\t\t\t\t\n\t\t\t\t\t\t\t\t\t\t\t\t\t\t\t\t\n\t\t\t\t\t\t\t\t   \n\n\t\t\t\t\t\t\t\t<div class=\"term-musee-exposition term-museographie term-opc term-scenographie portfolio-item four columns\">\n\t\t\t\t\t\t\t\t\t<div class=\"portfolio-image\"><a href=\"https:\/\/www.csdesign.fr\/wordpress\/references\/le-tresor-de-la-crypte-de-leglise-saint-jacques\/\" title=\"Le tr\u00e9sor de la Crypte de l&rsquo;Eglise Saint-Jacques\"><div class=\"portfolio-image-img\"><img decoding=\"async\" src=\"https:\/\/www.csdesign.fr\/wordpress\/wp-content\/uploads\/2019\/01\/Photo-phare-crypte-1-600x400.jpg\" alt=\"Le tr\u00e9sor de la Crypte de l&rsquo;Eglise Saint-Jacques\" \/><\/div><div class=\"portfolio-overlay overlay-name\"><span>Le tr\u00e9sor de la Crypte de l&rsquo;Eglise Saint-Jacques<\/span><i class=\"icon-minti-plus\"><\/i><\/div><\/a><\/div>\n\t\t\t\t\t\t\t\t\t<h4><a href=\"https:\/\/www.csdesign.fr\/wordpress\/references\/le-tresor-de-la-crypte-de-leglise-saint-jacques\/\" title=\"Le tr\u00e9sor de la Crypte de l&rsquo;Eglise Saint-Jacques\">Le tr\u00e9sor de la Crypte de l&rsquo;Eglise Saint-Jacques<\/a><\/h4>\n\t\t\t\t\t\t\t\t\t<span class=\"portfolio-subtitle\"><\/span>\n\t\t\t\t\t\t\t\t<\/div>\n\n\t\t\t\t\t\t\t\t\t\t\t\t  \n\t\t\t\t\t\t\n\t\t\t\t\t\t\t\n\t\t\t\t\t\t\t\n\t\t\t\t\t\t\n\t\t\t\t\t\t\t\t\t\t\t\t\t\t\t\t\n\t\t\t\t\t\t\t\t   \n\n\t\t\t\t\t\t\t\t<div class=\"term-mobilier portfolio-item four columns\">\n\t\t\t\t\t\t\t\t\t<div class=\"portfolio-image\"><a href=\"https:\/\/www.csdesign.fr\/wordpress\/references\/vitrines-pour-la-bibliotheque-detude-et-patrimoine-de-toulouse\/\" title=\"Vitrines pour la biblioth\u00e8que d&rsquo;\u00e9tude et patrimoine de Toulouse\"><div class=\"portfolio-image-img\"><img decoding=\"async\" src=\"https:\/\/www.csdesign.fr\/wordpress\/wp-content\/uploads\/2019\/01\/Photo-phare-BEP-600x400.jpg\" alt=\"Vitrines pour la biblioth\u00e8que d&rsquo;\u00e9tude et patrimoine de Toulouse\" \/><\/div><div class=\"portfolio-overlay overlay-name\"><span>Vitrines pour la biblioth\u00e8que d&rsquo;\u00e9tude et patrimoine de Toulouse<\/span><i class=\"icon-minti-plus\"><\/i><\/div><\/a><\/div>\n\t\t\t\t\t\t\t\t\t<h4><a href=\"https:\/\/www.csdesign.fr\/wordpress\/references\/vitrines-pour-la-bibliotheque-detude-et-patrimoine-de-toulouse\/\" title=\"Vitrines pour la biblioth\u00e8que d&rsquo;\u00e9tude et patrimoine de Toulouse\">Vitrines pour la biblioth\u00e8que d&rsquo;\u00e9tude et patrimoine de Toulouse<\/a><\/h4>\n\t\t\t\t\t\t\t\t\t<span class=\"portfolio-subtitle\"><\/span>\n\t\t\t\t\t\t\t\t<\/div>\n\n\t\t\t\t\t\t\t\t\t\t\t\t  \n\t\t\t\t\t\t\n\t\t\t\t\t\t\t\n\t\t\t\t\t\t\t\n\t\t\t\t\t\t\n\t\t\t\t\t\t\t\t\t\t\t\t\t\t\t\t\n\t\t\t\t\t\t\t\t   \n\n\t\t\t\t\t\t\t\t<div class=\"term-graphisme term-musee-exposition term-scenographie portfolio-item four columns\">\n\t\t\t\t\t\t\t\t\t<div class=\"portfolio-image\"><a href=\"https:\/\/www.csdesign.fr\/wordpress\/references\/cartes-sur-table\/\" title=\"\u00ab\u00a0Cartes sur table\u00a0\u00bb\"><div class=\"portfolio-image-img\"><img decoding=\"async\" src=\"https:\/\/www.csdesign.fr\/wordpress\/wp-content\/uploads\/2019\/01\/PHOTO-PHARE-ALBI-600x400.jpg\" alt=\"\u00ab\u00a0Cartes sur table\u00a0\u00bb\" \/><\/div><div class=\"portfolio-overlay overlay-name\"><span>\u00ab\u00a0Cartes sur table\u00a0\u00bb<\/span><i class=\"icon-minti-plus\"><\/i><\/div><\/a><\/div>\n\t\t\t\t\t\t\t\t\t<h4><a href=\"https:\/\/www.csdesign.fr\/wordpress\/references\/cartes-sur-table\/\" title=\"\u00ab\u00a0Cartes sur table\u00a0\u00bb\">\u00ab\u00a0Cartes sur table\u00a0\u00bb<\/a><\/h4>\n\t\t\t\t\t\t\t\t\t<span class=\"portfolio-subtitle\"><\/span>\n\t\t\t\t\t\t\t\t<\/div>\n\n\t\t\t\t\t\t\t\t\t\t\t\t  \n\t\t\t\t\t\t\n\t\t\t\t\t\t\t\n\t\t\t\t\t\t\t\n\t\t\t\t\t\t\n\t\t\t\t\t\t\t\t\t\t\t\t\t\t\t\t\n\t\t\t\t\t\t\t\t   \n\n\t\t\t\t\t\t\t\t<div class=\"term-graphisme term-scenographie term-site-tourisme portfolio-item four columns\">\n\t\t\t\t\t\t\t\t\t<div class=\"portfolio-image\"><a href=\"https:\/\/www.csdesign.fr\/wordpress\/references\/office-montagne\/\" title=\"Office Montagne\"><div class=\"portfolio-image-img\"><img decoding=\"async\" src=\"https:\/\/www.csdesign.fr\/wordpress\/wp-content\/uploads\/2019\/01\/Photo-phare-OM-CAUTERETS-600x400.jpg\" alt=\"Office Montagne\" \/><\/div><div class=\"portfolio-overlay overlay-name\"><span>Office Montagne<\/span><i class=\"icon-minti-plus\"><\/i><\/div><\/a><\/div>\n\t\t\t\t\t\t\t\t\t<h4><a href=\"https:\/\/www.csdesign.fr\/wordpress\/references\/office-montagne\/\" title=\"Office Montagne\">Office Montagne<\/a><\/h4>\n\t\t\t\t\t\t\t\t\t<span class=\"portfolio-subtitle\"><\/span>\n\t\t\t\t\t\t\t\t<\/div>\n\n\t\t\t\t\t\t\t\t\t\t\t\t  \n\t\t\t\t\t\t\n\t\t\t\t\t\t\t\n\t\t\t\t\t\t\t\n\t\t\t\t\t\t\n\t\t\t\t\t\t\t\t\t\t\t\t\t\t\t\t\n\t\t\t\t\t\t\t\t   \n\n\t\t\t\t\t\t\t\t<div class=\"term-mobilier term-scenographie term-site-tourisme portfolio-item four columns\">\n\t\t\t\t\t\t\t\t\t<div class=\"portfolio-image\"><a href=\"https:\/\/www.csdesign.fr\/wordpress\/references\/maison-la-clape-et-bonnal\/\" title=\"Maison La Clape et Bonnal\"><div class=\"portfolio-image-img\"><img decoding=\"async\" src=\"https:\/\/www.csdesign.fr\/wordpress\/wp-content\/uploads\/2019\/01\/PHOTO-PHARE-GD-NARBONNE-600x400.jpg\" alt=\"Maison La Clape et Bonnal\" \/><\/div><div class=\"portfolio-overlay overlay-name\"><span>Maison La Clape et Bonnal<\/span><i class=\"icon-minti-plus\"><\/i><\/div><\/a><\/div>\n\t\t\t\t\t\t\t\t\t<h4><a href=\"https:\/\/www.csdesign.fr\/wordpress\/references\/maison-la-clape-et-bonnal\/\" title=\"Maison La Clape et Bonnal\">Maison La Clape et Bonnal<\/a><\/h4>\n\t\t\t\t\t\t\t\t\t<span class=\"portfolio-subtitle\"><\/span>\n\t\t\t\t\t\t\t\t<\/div>\n\n\t\t\t\t\t\t\t\t\t\t\t\t  \n\t\t\t\t\t\t\n\t\t\t\t\t\t\t\n\t\t\t\t\t\t\t\n\t\t\t\t\t\t\n\t\t\t\t\t\t\t\t\t\t\t\t\t\t\t\t\n\t\t\t\t\t\t\t\t   \n\n\t\t\t\t\t\t\t\t<div class=\"term-graphisme term-musee-exposition term-scenographie portfolio-item four columns\">\n\t\t\t\t\t\t\t\t\t<div class=\"portfolio-image\"><a href=\"https:\/\/www.csdesign.fr\/wordpress\/references\/40-ans-dans-les-andes-musee-champollion\/\" title=\"\u00ab\u00a040 ans dans les Andes\u00a0\u00bb, Mus\u00e9e Champollion\"><div class=\"portfolio-image-img\"><img decoding=\"async\" src=\"https:\/\/www.csdesign.fr\/wordpress\/wp-content\/uploads\/2019\/01\/Photo-Phare-FIGEAC-1.jpg\" alt=\"\u00ab\u00a040 ans dans les Andes\u00a0\u00bb, Mus\u00e9e Champollion\" \/><\/div><div class=\"portfolio-overlay overlay-name\"><span>\u00ab\u00a040 ans dans les Andes\u00a0\u00bb, Mus\u00e9e Champollion<\/span><i class=\"icon-minti-plus\"><\/i><\/div><\/a><\/div>\n\t\t\t\t\t\t\t\t\t<h4><a href=\"https:\/\/www.csdesign.fr\/wordpress\/references\/40-ans-dans-les-andes-musee-champollion\/\" title=\"\u00ab\u00a040 ans dans les Andes\u00a0\u00bb, Mus\u00e9e Champollion\">\u00ab\u00a040 ans dans les Andes\u00a0\u00bb, Mus\u00e9e Champollion<\/a><\/h4>\n\t\t\t\t\t\t\t\t\t<span class=\"portfolio-subtitle\"><\/span>\n\t\t\t\t\t\t\t\t<\/div>\n\n\t\t\t\t\t\t\t\t\t\t\t\t  \n\t\t\t\t\t\t\n\t\t\t\t\t\t\t\n\t\t\t\t\t\t\t\n\t\t\t\t\t\t\n\t\t\t\t\t\t\t\t\t\t\t\t\t\t\t\t\n\t\t\t\t\t\t\t\t   \n\n\t\t\t\t\t\t\t\t<div class=\"term-centre-dinterpretation term-graphisme term-scenographie portfolio-item four columns\">\n\t\t\t\t\t\t\t\t\t<div class=\"portfolio-image\"><a href=\"https:\/\/www.csdesign.fr\/wordpress\/references\/le-jardin-du-mas-de-la-serres-biodiversarium\/\" title=\"Le jardin du Mas de la Serres, Biodiversarium\"><div class=\"portfolio-image-img\"><img decoding=\"async\" src=\"https:\/\/www.csdesign.fr\/wordpress\/wp-content\/uploads\/2019\/01\/PHOTO-PHARE-BIODIVERSARIUM.jpg\" alt=\"Le jardin du Mas de la Serres, Biodiversarium\" \/><\/div><div class=\"portfolio-overlay overlay-name\"><span>Le jardin du Mas de la Serres, Biodiversarium<\/span><i class=\"icon-minti-plus\"><\/i><\/div><\/a><\/div>\n\t\t\t\t\t\t\t\t\t<h4><a href=\"https:\/\/www.csdesign.fr\/wordpress\/references\/le-jardin-du-mas-de-la-serres-biodiversarium\/\" title=\"Le jardin du Mas de la Serres, Biodiversarium\">Le jardin du Mas de la Serres, Biodiversarium<\/a><\/h4>\n\t\t\t\t\t\t\t\t\t<span class=\"portfolio-subtitle\"><\/span>\n\t\t\t\t\t\t\t\t<\/div>\n\n\t\t\t\t\t\t\t\t\t\t\t\t  \n\t\t\t\t\t\t\n\t\t\t\t\t\t\t\n\t\t\t\t\t\t\t\n\t\t\t\t\t\t\n\t\t\t\t\t\t\t\t\t\t\t\t\t\t\t\t\n\t\t\t\t\t\t\t\t   \n\n\t\t\t\t\t\t\t\t<div class=\"term-centre-dinterpretation term-graphisme term-mobilier portfolio-item four columns\">\n\t\t\t\t\t\t\t\t\t<div class=\"portfolio-image\"><a href=\"https:\/\/www.csdesign.fr\/wordpress\/references\/parc-danimation-archeologique\/\" title=\"Parc d&rsquo;animation arch\u00e9ologique\"><div class=\"portfolio-image-img\"><img decoding=\"async\" src=\"https:\/\/www.csdesign.fr\/wordpress\/wp-content\/uploads\/2019\/01\/PHOTO-PHARE-BRASSEMPOUY-600x400.jpg\" alt=\"Parc d&rsquo;animation arch\u00e9ologique\" \/><\/div><div class=\"portfolio-overlay overlay-name\"><span>Parc d&rsquo;animation arch\u00e9ologique<\/span><i class=\"icon-minti-plus\"><\/i><\/div><\/a><\/div>\n\t\t\t\t\t\t\t\t\t<h4><a href=\"https:\/\/www.csdesign.fr\/wordpress\/references\/parc-danimation-archeologique\/\" title=\"Parc d&rsquo;animation arch\u00e9ologique\">Parc d&rsquo;animation arch\u00e9ologique<\/a><\/h4>\n\t\t\t\t\t\t\t\t\t<span class=\"portfolio-subtitle\"><\/span>\n\t\t\t\t\t\t\t\t<\/div>\n\n\t\t\t\t\t\t\t\t\t\t\t\t  \n\t\t\t\t\t\t\n\t\t\t\t\t\t\t\n\t\t\t\t\t\t\t\n\t\t\t\t\t\t\n\t\t\t\t\t\t\t\t\t\t\t\t\t\t\t\t\n\t\t\t\t\t\t\t\t   \n\n\t\t\t\t\t\t\t\t<div class=\"term-graphisme term-musee-exposition term-scenographie portfolio-item four columns\">\n\t\t\t\t\t\t\t\t\t<div class=\"portfolio-image\"><a href=\"https:\/\/www.csdesign.fr\/wordpress\/references\/14-18-fragments-de-vie\/\" title=\"\u00ab\u00a014-18 Fragments de vie\u00a0\u00bb\"><div class=\"portfolio-image-img\"><img decoding=\"async\" src=\"https:\/\/www.csdesign.fr\/wordpress\/wp-content\/uploads\/2019\/01\/PHOTO-PHARE-600x400.jpg\" alt=\"\u00ab\u00a014-18 Fragments de vie\u00a0\u00bb\" \/><\/div><div class=\"portfolio-overlay overlay-name\"><span>\u00ab\u00a014-18 Fragments de vie\u00a0\u00bb<\/span><i class=\"icon-minti-plus\"><\/i><\/div><\/a><\/div>\n\t\t\t\t\t\t\t\t\t<h4><a href=\"https:\/\/www.csdesign.fr\/wordpress\/references\/14-18-fragments-de-vie\/\" title=\"\u00ab\u00a014-18 Fragments de vie\u00a0\u00bb\">\u00ab\u00a014-18 Fragments de vie\u00a0\u00bb<\/a><\/h4>\n\t\t\t\t\t\t\t\t\t<span class=\"portfolio-subtitle\"><\/span>\n\t\t\t\t\t\t\t\t<\/div>\n\n\t\t\t\t\t\t\t\t\t\t\t\t  \n\t\t\t\t\t\t\t\t\t\t\t<\/div>\n\n\t\t\t\t\t<\/div>\n\t\t\n\t\t<\/div>\n\t\t\t\n\t\t\t\t\t<div class=\"pagination-default\"><p class=\"hidden\"><\/p><\/div>\n\t\t\t\t\n\t\t[\/vc_column][\/vc_row]<\/p>\n<\/div>","protected":false},"excerpt":{"rendered":"<p>[vc_row type=\u00a0\u00bbfull_width_section\u00a0\u00bb bottom_padding=\u00a0\u00bb40&Prime; bg_position=\u00a0\u00bbleft top\u00a0\u00bb][vc_column width=\u00a0\u00bb1\/1&Prime;][\/vc_column][\/vc_row]<\/p>\n","protected":false},"author":2,"featured_media":0,"parent":0,"menu_order":0,"comment_status":"closed","ping_status":"open","template":"","meta":{"footnotes":""},"class_list":["post-3183","page","type-page","status-publish","hentry"],"_links":{"self":[{"href":"https:\/\/www.csdesign.fr\/wordpress\/wp-json\/wp\/v2\/pages\/3183","targetHints":{"allow":["GET"]}}],"collection":[{"href":"https:\/\/www.csdesign.fr\/wordpress\/wp-json\/wp\/v2\/pages"}],"about":[{"href":"https:\/\/www.csdesign.fr\/wordpress\/wp-json\/wp\/v2\/types\/page"}],"author":[{"embeddable":true,"href":"https:\/\/www.csdesign.fr\/wordpress\/wp-json\/wp\/v2\/users\/2"}],"replies":[{"embeddable":true,"href":"https:\/\/www.csdesign.fr\/wordpress\/wp-json\/wp\/v2\/comments?post=3183"}],"version-history":[{"count":1,"href":"https:\/\/www.csdesign.fr\/wordpress\/wp-json\/wp\/v2\/pages\/3183\/revisions"}],"predecessor-version":[{"id":16234,"href":"https:\/\/www.csdesign.fr\/wordpress\/wp-json\/wp\/v2\/pages\/3183\/revisions\/16234"}],"wp:attachment":[{"href":"https:\/\/www.csdesign.fr\/wordpress\/wp-json\/wp\/v2\/media?parent=3183"}],"curies":[{"name":"wp","href":"https:\/\/api.w.org\/{rel}","templated":true}]}}