{"id":4174,"date":"2014-01-27T14:04:26","date_gmt":"2014-01-27T14:04:26","guid":{"rendered":"http:\/\/localhost:8888\/themes\/novice\/?page_id=4174"},"modified":"2025-09-12T15:22:36","modified_gmt":"2025-09-12T13:22:36","slug":"home-2","status":"publish","type":"page","link":"https:\/\/www.csdesign.fr\/wordpress\/","title":{"rendered":"CS Design"},"content":{"rendered":"<div class=\"wpb-content-wrapper\"><p>[vc_row type=\u00a0\u00bbfull_width_section\u00a0\u00bb bg_position=\u00a0\u00bbleft top\u00a0\u00bb][vc_column width=\u00a0\u00bb1\/1&Prime;][rev_slider_vc alias=\u00a0\u00bbcs-design-home-2&Prime;][\/vc_column][\/vc_row][vc_row bg_color=\u00a0\u00bb#222222&Prime; section_arrow=\u00a0\u00bbfalse\u00a0\u00bb text_color=\u00a0\u00bblight\u00a0\u00bb top_padding=\u00a0\u00bb50&Prime; bottom_padding=\u00a0\u00bb50&Prime; bg_position=\u00a0\u00bbleft top\u00a0\u00bb][vc_column]<h2 class=\"headline font-special fontsize-xxxl fontweight-700 lh-inherit align-center transform-uppercase \" style=\"margin: 0 0 60px 0;\">L&rsquo;Agence<\/h2>[vc_row_inner][vc_column_inner width=\u00a0\u00bb1\/6&Prime;][\/vc_column_inner][vc_column_inner width=\u00a0\u00bb1\/3&Prime;][vc_column_text]CS DESIGN est une agence pluridisciplinaire dans le domaine de la mus\u00e9ographie et de l\u2019am\u00e9nagement d\u2019espaces recevant du public.[\/vc_column_text][\/vc_column_inner][vc_column_inner width=\u00a0\u00bb1\/3&Prime; css=\u00a0\u00bb.vc_custom_1548317984135{padding-top: 20px !important;}\u00a0\u00bb][vc_column_text el_class=\u00a0\u00bbquote-home\u00a0\u00bb]<i class=\"fa fa-quote-left\" aria-hidden=\"true\"><\/i> Nous concevons vos projets d&rsquo;am\u00e9nagement et vous accompagnons dans leur r\u00e9alisation.[\/vc_column_text][\/vc_column_inner][vc_column_inner width=\u00a0\u00bb1\/6&Prime;][\/vc_column_inner][\/vc_row_inner][\/vc_column][\/vc_row][vc_row type=\u00a0\u00bbfull_width_section\u00a0\u00bb bg_color=\u00a0\u00bb#ffffff\u00a0\u00bb top_padding=\u00a0\u00bb0&Prime; bottom_padding=\u00a0\u00bb0&Prime; bg_position=\u00a0\u00bbleft top\u00a0\u00bb][vc_column column_padding=\u00a0\u00bbcustom-padding\u00a0\u00bb width=\u00a0\u00bb1\/4&Prime;]<a href=\"https:\/\/www.csdesign.fr\/projets\/interventions-musees-expositions\/\" target=\"_self\" class=\"catimage wpb_content_element color-light\" style=\"height: 300px;;\">\n\t\t\t<span style=\"background-image: url(https:\/\/www.csdesign.fr\/wordpress\/wp-content\/uploads\/2019\/01\/MUSEE.jpg); height: 300px;;\"><\/span>\n\t\t\t<div class=\"catimage-overlay clearfix\" style=\"height: 300px;;\">\n\t\t\t\t<div class=\"catimage-text\">Mus\u00e9es et expositions<\/div>\n\t\t\t<\/div><\/a>[\/vc_column][vc_column column_padding=\u00a0\u00bbcustom-padding\u00a0\u00bb width=\u00a0\u00bb1\/4&Prime;]<a href=\"https:\/\/www.csdesign.fr\/projets\/interventions-centres-dinterpretation\/\" target=\"_self\" class=\"catimage wpb_content_element color-light\" style=\"height: 300px;;\">\n\t\t\t<span style=\"background-image: url(https:\/\/www.csdesign.fr\/wordpress\/wp-content\/uploads\/2019\/01\/CENTRE-INTERPRETATION.jpg); height: 300px;;\"><\/span>\n\t\t\t<div class=\"catimage-overlay clearfix\" style=\"height: 300px;;\">\n\t\t\t\t<div class=\"catimage-text\">Centres d&rsquo;interpr\u00e9tation<\/div>\n\t\t\t<\/div><\/a>[\/vc_column][vc_column column_padding=\u00a0\u00bbcustom-padding\u00a0\u00bb width=\u00a0\u00bb1\/4&Prime;]<a href=\"https:\/\/www.csdesign.fr\/projets\/interverntions-espace-tourisme\/\" target=\"_self\" class=\"catimage wpb_content_element color-light\" style=\"height: 300px;;\">\n\t\t\t<span style=\"background-image: url(https:\/\/www.csdesign.fr\/wordpress\/wp-content\/uploads\/2019\/01\/ESPACES-TOURISME.jpg); height: 300px;;\"><\/span>\n\t\t\t<div class=\"catimage-overlay clearfix\" style=\"height: 300px;;\">\n\t\t\t\t<div class=\"catimage-text\">Espaces Tourisme<\/div>\n\t\t\t<\/div><\/a>[\/vc_column][vc_column column_padding=\u00a0\u00bbcustom-padding\u00a0\u00bb width=\u00a0\u00bb1\/4&Prime;]<a href=\"https:\/\/www.csdesign.fr\/projets\/interventions-mobilier\/\" target=\"_self\" class=\"catimage wpb_content_element color-light\" style=\"height: 300px;;\">\n\t\t\t<span style=\"background-image: url(https:\/\/www.csdesign.fr\/wordpress\/wp-content\/uploads\/2019\/01\/MOBILMIER-SUR-MESURE.jpg); height: 300px;;\"><\/span>\n\t\t\t<div class=\"catimage-overlay clearfix\" style=\"height: 300px;;\">\n\t\t\t\t<div class=\"catimage-text\">Mobilier sur-mesure<\/div>\n\t\t\t<\/div><\/a>[\/vc_column][\/vc_row][vc_row bg_color=\u00a0\u00bb#e61a4a\u00a0\u00bb section_arrow=\u00a0\u00bbfalse\u00a0\u00bb text_color=\u00a0\u00bblight\u00a0\u00bb top_padding=\u00a0\u00bb50&Prime; bottom_padding=\u00a0\u00bb50&Prime; bg_position=\u00a0\u00bbleft top\u00a0\u00bb][vc_column width=\u00a0\u00bb1\/1&Prime;]<h2 class=\"headline font-special fontsize-xxxl fontweight-700 lh-inherit align-center transform-uppercase \" style=\"margin: 0 0 0 0;\">L&rsquo;\u00c9quipe<\/h2>[vc_row_inner][vc_column_inner width=\u00a0\u00bb1\/4&Prime; css=\u00a0\u00bb.vc_custom_1547816253838{padding: 50px !important;}\u00a0\u00bb][\/vc_column_inner][vc_column_inner width=\u00a0\u00bb1\/2&Prime; css=\u00a0\u00bb.vc_custom_1548075702875{padding-top: 50px !important;padding-bottom: 50px !important;}\u00a0\u00bb][vc_column_text]L\u2019agence CS DESIGN a \u00e9t\u00e9 cr\u00e9\u00e9e autour de Claire Simonet, sc\u00e9nographe designer, et Christian Sintes, charg\u00e9 d\u2019affaire dans le b\u00e2timent. Ensemble ils r\u00e9pondent aux commandes publiques comme priv\u00e9es en cr\u00e9ant l\u2019\u00e9quipe ad\u00e9quate avec leurs partenaires mus\u00e9ographes, graphistes, architectes \u2026[\/vc_column_text][\/vc_column_inner][vc_column_inner width=\u00a0\u00bb1\/4&Prime; css=\u00a0\u00bb.vc_custom_1548075709565{padding-top: 50px !important;padding-bottom: 50px !important;}\u00a0\u00bb][\/vc_column_inner][\/vc_row_inner][\/vc_column][vc_column text_align=\u00a0\u00bbcenter\u00a0\u00bb]<div class=\"spacer\" style=\"height: 30px;\"><\/div><a href=\"https:\/\/www.csdesign.fr\/lequipe\/\" target=\"_self\" class=\"button color-6 medium \" style=\"border-radius: 2px;\">Voir toute l&rsquo;\u00e9quipe<\/a>[\/vc_column][\/vc_row][vc_row type=\u00a0\u00bbfull_width_section\u00a0\u00bb text_align=\u00a0\u00bbcenter\u00a0\u00bb top_padding=\u00a0\u00bb50&Prime; bottom_padding=\u00a0\u00bb50&Prime; bg_position=\u00a0\u00bbcenter top\u00a0\u00bb][vc_column width=\u00a0\u00bb1\/1&Prime;]<h2 class=\"headline font-special fontsize-xxxl fontweight-700 lh-inherit align-center transform-uppercase \" style=\"margin: 0 0 60px 0;\">Nos derniers projets<\/h2>\n\t\t<div class=\"portfolio-element\">\n\n\t\t\n\t\t\n\t\t\t\t\t<div id=\"298535002\" class=\"portfolio-items portfolio-nomargin portfolio-overlay-effect clearfix\" data-id=\"298535002\">  \n\t\t\t\t\t\t\n\t\t\t\t\t\t\t\n\t\t\t\t\t\t\t\n\t\t\t\t\t\t\n\t\t\t\t\t\t\t\t\t\t\t\t\t\t\t\t\n\t\t\t\t\t\t\t\t   \n\n\t\t\t\t\t\t\t\t<div class=\"term-evenementiel term-graphisme term-scenographie portfolio-item nomargin\">\n\t\t\t\t\t\t\t\t\t<div class=\"portfolio-image\"><a href=\"https:\/\/www.csdesign.fr\/wordpress\/references\/salon-occitanie-innov-2023\/\" title=\"Salon Occitanie Innov 2023\"><div class=\"portfolio-image-img\"><img decoding=\"async\" src=\"https:\/\/www.csdesign.fr\/wordpress\/wp-content\/uploads\/2023\/02\/DSC7509-600x400.jpg\" alt=\"Salon Occitanie Innov 2023\" \/><\/div><div class=\"portfolio-overlay overlay-effect\"><span>Salon Occitanie Innov 2023<\/span><\/div><\/a><\/div>\n\t\t\t\t\t\t\t\t<\/div>\n\n\t\t\t\t\t\t\t\t\t\t\t\t  \n\t\t\t\t\t\t\n\t\t\t\t\t\t\t\n\t\t\t\t\t\t\t\n\t\t\t\t\t\t\n\t\t\t\t\t\t\t\t\t\t\t\t\t\t\t\t\n\t\t\t\t\t\t\t\t   \n\n\t\t\t\t\t\t\t\t<div class=\"term-musee-exposition term-opc term-scenographie portfolio-item nomargin\">\n\t\t\t\t\t\t\t\t\t<div class=\"portfolio-image\"><a href=\"https:\/\/www.csdesign.fr\/wordpress\/references\/exposition-le-prince-albert-1er-de-monaco-et-les-pyrenees\/\" title=\"Exposition \u00ab\u00a0le prince Albert 1er de Monaco et les Pyr\u00e9n\u00e9es\u00a0\u00bb\"><div class=\"portfolio-image-img\"><img decoding=\"async\" src=\"https:\/\/www.csdesign.fr\/wordpress\/wp-content\/uploads\/2022\/06\/SIG041_2400x180010-600x400.png\" alt=\"Exposition \u00ab\u00a0le prince Albert 1er de Monaco et les Pyr\u00e9n\u00e9es\u00a0\u00bb\" \/><\/div><div class=\"portfolio-overlay overlay-effect\"><span>Exposition \u00ab\u00a0le prince Albert 1er de Monaco et les Pyr\u00e9n\u00e9es\u00a0\u00bb<\/span><\/div><\/a><\/div>\n\t\t\t\t\t\t\t\t<\/div>\n\n\t\t\t\t\t\t\t\t\t\t\t\t  \n\t\t\t\t\t\t\n\t\t\t\t\t\t\t\n\t\t\t\t\t\t\t\n\t\t\t\t\t\t\n\t\t\t\t\t\t\t\t\t\t\t\t\t\t\t\t\n\t\t\t\t\t\t\t\t   \n\n\t\t\t\t\t\t\t\t<div class=\"term-centre-dinterpretation term-design-mobilier term-mobilier term-musee-exposition term-scenographie portfolio-item nomargin\">\n\t\t\t\t\t\t\t\t\t<div class=\"portfolio-image\"><a href=\"https:\/\/www.csdesign.fr\/wordpress\/references\/abbaye-de-beaulieu-en-rouergue\/\" title=\"Abbaye de Beaulieu-en-Rouergue\"><div class=\"portfolio-image-img\"><img decoding=\"async\" src=\"https:\/\/www.csdesign.fr\/wordpress\/wp-content\/uploads\/2022\/11\/Abbaye-Beaulieu-CMN-02-600x400.jpg\" alt=\"Abbaye de Beaulieu-en-Rouergue\" \/><\/div><div class=\"portfolio-overlay overlay-effect\"><span>Abbaye de Beaulieu-en-Rouergue<\/span><\/div><\/a><\/div>\n\t\t\t\t\t\t\t\t<\/div>\n\n\t\t\t\t\t\t\t\t\t\t\t\t  \n\t\t\t\t\t\t\n\t\t\t\t\t\t\t\n\t\t\t\t\t\t\t\n\t\t\t\t\t\t\n\t\t\t\t\t\t\t\t\t\t\t\t\t\t\t\t\n\t\t\t\t\t\t\t\t   \n\n\t\t\t\t\t\t\t\t<div class=\"term-design-mobilier term-mobilier term-musee-exposition term-museographie term-scenographie portfolio-item nomargin\">\n\t\t\t\t\t\t\t\t\t<div class=\"portfolio-image\"><a href=\"https:\/\/www.csdesign.fr\/wordpress\/references\/maison-garonne-a-boe\/\" title=\"Maison Garonne \u00e0 Bo\u00e9\"><div class=\"portfolio-image-img\"><img decoding=\"async\" src=\"https:\/\/www.csdesign.fr\/wordpress\/wp-content\/uploads\/2020\/10\/etude-museographique-scenographique-Lot-et-Garonne-Boe-portada-600x400.jpg\" alt=\"Maison Garonne \u00e0 Bo\u00e9\" \/><\/div><div class=\"portfolio-overlay overlay-effect\"><span>Maison Garonne \u00e0 Bo\u00e9<\/span><\/div><\/a><\/div>\n\t\t\t\t\t\t\t\t<\/div>\n\n\t\t\t\t\t\t\t\t\t\t\t\t  \n\t\t\t\t\t\t\t\t\t\t\t<\/div>\n\n\t\t\n\t\t<\/div>\n\t\t\t\n\t\t\t\t\n\t\t<div class=\"spacer\" style=\"height: 30px;\"><\/div><a href=\"https:\/\/www.csdesign.fr\/projets\/\" target=\"_self\" class=\"button color-3 medium \" style=\"border-radius: 2px;\">Voir tous les projets<\/a>[\/vc_column][\/vc_row][vc_row bg_color=\u00a0\u00bb#262626&Prime; top_padding=\u00a0\u00bb50&Prime; bottom_padding=\u00a0\u00bb50&Prime;][vc_column width=\u00a0\u00bb1\/1&Prime;]<div class=\"latest-blog style-white\"\"><div class=\"blog-carousel\"><div class=\"blog-item\"><a href=\"https:\/\/www.csdesign.fr\/wordpress\/mission-museographie-tarnetgaronne-abbaye-beaulieu\/\" title=\"Mission mus\u00e9ographie dans le Tarn-et-Garonne, l\u2019abbaye de Beaulieu-en-Rouergue\" class=\"blog-pic\"><img decoding=\"async\" src=\"https:\/\/www.csdesign.fr\/wordpress\/wp-content\/uploads\/2020\/09\/museographie-tarn-et-garonne-csdesign-beaulieu-portada-600x400.jpg\" alt=\"Mission mus\u00e9ographie dans le Tarn-et-Garonne, l\u2019abbaye de Beaulieu-en-Rouergue\" \/><span class=\"blog-overlay\"><\/span><i class=\"fa fa-align-left\"><\/i><\/a><div class=\"blog-item-description\">\n\t\t\t\t\t\t\t<h4><a href=\"https:\/\/www.csdesign.fr\/wordpress\/mission-museographie-tarnetgaronne-abbaye-beaulieu\/\" title=\"Mission mus\u00e9ographie dans le Tarn-et-Garonne, l\u2019abbaye de Beaulieu-en-Rouergue\">Mission mus\u00e9ographie dans le Tarn-et-Garonne, l\u2019abbaye de Beaulieu-en-Rouergue<\/a><\/h4>\n\t\t\t\t\t  \t\t<div>Nous vous pr\u00e9sentons un de nos&nbsp;projets mus\u00e9ographiques de 2020 : la cr\u00e9ation du parcours de visite permanente \u00e0 l\u2019abbaye de... <a class=\"read-more-link\" href=\"https:\/\/www.csdesign.fr\/wordpress\/mission-museographie-tarnetgaronne-abbaye-beaulieu\/\">read more  &rarr;<\/a><\/div>\n\t\t\t\t\t  \t\t<span>1 novembre 2020<\/span>\n\t\t\t\t  \t\t<\/div><\/div><div class=\"blog-item\"><a href=\"https:\/\/www.csdesign.fr\/wordpress\/2019-plongez-au-coeur-des-canyons\/\" title=\"2019, Plongez au c\u0153ur des canyons\" class=\"blog-pic\"><img decoding=\"async\" src=\"https:\/\/www.csdesign.fr\/wordpress\/wp-content\/uploads\/2019\/01\/Grotte-3-Pe\u0301pe\u0301s-Eponge-carnivore-Launette-Che\u0302neFAL_1510312-600x400.jpg\" alt=\"2019, Plongez au c\u0153ur des canyons\" \/><span class=\"blog-overlay\"><\/span><i class=\"fa fa-align-left\"><\/i><\/a><div class=\"blog-item-description\">\n\t\t\t\t\t\t\t<h4><a href=\"https:\/\/www.csdesign.fr\/wordpress\/2019-plongez-au-coeur-des-canyons\/\" title=\"2019, Plongez au c\u0153ur des canyons\">2019, Plongez au c\u0153ur des canyons<\/a><\/h4>\n\t\t\t\t\t  \t\t<div>L\u2019ann\u00e9e commence bien pour CS DESIGN qui r\u00e9it\u00e8re sa collaboration avec PICTO M\u00e9diterran\u00e9e et ANAGRAM AUDIOVISUEL pour la cr\u00e9ation de... <a class=\"read-more-link\" href=\"https:\/\/www.csdesign.fr\/wordpress\/2019-plongez-au-coeur-des-canyons\/\">read more  &rarr;<\/a><\/div>\n\t\t\t\t\t  \t\t<span>30 janvier 2019<\/span>\n\t\t\t\t  \t\t<\/div><\/div><div class=\"blog-item\"><a href=\"https:\/\/www.csdesign.fr\/wordpress\/la-gare-robert-doisneau\/\" title=\"La gare Robert Doisneau\" class=\"blog-pic\"><img decoding=\"async\" src=\"https:\/\/www.csdesign.fr\/wordpress\/wp-content\/uploads\/2019\/01\/IMG_1916-600x400.jpg\" alt=\"La gare Robert Doisneau\" \/><span class=\"blog-overlay\"><\/span><i class=\"fa fa-align-left\"><\/i><\/a><div class=\"blog-item-description\">\n\t\t\t\t\t\t\t<h4><a href=\"https:\/\/www.csdesign.fr\/wordpress\/la-gare-robert-doisneau\/\" title=\"La gare Robert Doisneau\">La gare Robert Doisneau<\/a><\/h4>\n\t\t\t\t\t  \t\t<div>En 2018, CS DESIGN a pu livrer l\u2019am\u00e9nagement des galeries photographiques, l\u2019office de tourisme et le caf\u00e9 de La gare... <a class=\"read-more-link\" href=\"https:\/\/www.csdesign.fr\/wordpress\/la-gare-robert-doisneau\/\">read more  &rarr;<\/a><\/div>\n\t\t\t\t\t  \t\t<span>21 janvier 2019<\/span>\n\t\t\t\t  \t\t<\/div><\/div><\/div><\/div><div class=\"clear\"><\/div>[\/vc_column][\/vc_row][vc_row bottom_padding=\u00a0\u00bb60&Prime;][vc_column width=\u00a0\u00bb1\/1&Prime;]<h2 class=\"headline font-special fontsize-xxxl fontweight-700 lh-inherit align-center transform-uppercase \" style=\"margin: 0 0 60px 0;\">Ils nous font confiance<\/h2>[vc_row_inner][vc_column_inner width=\u00a0\u00bb1\/6&Prime;]<div class=\"single_image wpb_content_element align-left  animate  image_greyscale \" data-animation=\"fade-in-from-left\" data-delay=\"0\"><a href=\"https:\/\/www.laregion.fr\/\" target=\"_self\" rel=\"noopener\"><img decoding=\"async\" class=\"\" src=\"https:\/\/www.csdesign.fr\/wordpress\/wp-content\/uploads\/2019\/01\/occitanie-300x300.jpg\" width=\"300\" height=\"300\" alt=\"occitanie\" title=\"occitanie\" loading=\"lazy\" \/><\/a><\/div>[\/vc_column_inner][vc_column_inner width=\u00a0\u00bb1\/6&Prime;]<div class=\"single_image wpb_content_element align-left  animate  image_greyscale \" data-animation=\"fade-in-from-left\" data-delay=\"0\"><a href=\"https:\/\/www.marseille.fr\/\" target=\"_self\" rel=\"noopener\"><img decoding=\"async\" class=\"\" src=\"https:\/\/www.csdesign.fr\/wordpress\/wp-content\/uploads\/2019\/01\/marseille-1-300x300.jpg\" width=\"300\" height=\"300\" alt=\"marseille\" title=\"marseille\" loading=\"lazy\" \/><\/a><\/div>[\/vc_column_inner][vc_column_inner width=\u00a0\u00bb1\/6&Prime;]<div class=\"single_image wpb_content_element align-left  animate  image_greyscale \" data-animation=\"fade-in-from-left\" data-delay=\"0\"><a href=\"https:\/\/www.haute-garonne.fr\/\" target=\"_self\" rel=\"noopener\"><img decoding=\"async\" class=\"\" src=\"https:\/\/www.csdesign.fr\/wordpress\/wp-content\/uploads\/2019\/01\/haute-garonne-300x300.jpg\" width=\"300\" height=\"300\" alt=\"haute-garonne\" title=\"haute-garonne\" loading=\"lazy\" \/><\/a><\/div>[\/vc_column_inner][vc_column_inner width=\u00a0\u00bb1\/6&Prime;]<div class=\"single_image wpb_content_element align-left  animate  image_greyscale \" data-animation=\"fade-in-from-left\" data-delay=\"0\"><a href=\"https:\/\/www.ariege.fr\/\" target=\"_self\" rel=\"noopener\"><img decoding=\"async\" class=\"\" src=\"https:\/\/www.csdesign.fr\/wordpress\/wp-content\/uploads\/2019\/01\/Logo-Ariege-Le-Departement-1-300x300.jpg\" width=\"300\" height=\"300\" alt=\"Logo-Ariege-Le-Departement\" title=\"Logo-Ariege-Le-Departement\" loading=\"lazy\" \/><\/a><\/div>[\/vc_column_inner][vc_column_inner width=\u00a0\u00bb1\/6&Prime;]<div class=\"single_image wpb_content_element align-left  animate  image_greyscale \" data-animation=\"fade-in-from-left\" data-delay=\"0\"><a href=\"http:\/\/www.legrandnarbonne.com\/\" target=\"_self\" rel=\"noopener\"><img decoding=\"async\" class=\"\" src=\"https:\/\/www.csdesign.fr\/wordpress\/wp-content\/uploads\/2019\/01\/grand-narbonne-300x300.jpg\" width=\"300\" height=\"300\" alt=\"grand-narbonne\" title=\"grand-narbonne\" loading=\"lazy\" \/><\/a><\/div>[\/vc_column_inner][vc_column_inner width=\u00a0\u00bb1\/6&Prime;]<div class=\"single_image wpb_content_element align-left  animate  image_greyscale \" data-animation=\"fade-in-from-left\" data-delay=\"0\"><a href=\"http:\/\/www.albi.fr\/\" target=\"_self\" rel=\"noopener\"><img decoding=\"async\" class=\"\" src=\"https:\/\/www.csdesign.fr\/wordpress\/wp-content\/uploads\/2019\/01\/albi-1-300x300.jpg\" width=\"300\" height=\"300\" alt=\"albi\" title=\"albi\" loading=\"lazy\" \/><\/a><\/div>[\/vc_column_inner][\/vc_row_inner][\/vc_column][\/vc_row]<\/p>\n<\/div>","protected":false},"excerpt":{"rendered":"<p>[vc_row type=\u00a0\u00bbfull_width_section\u00a0\u00bb bg_position=\u00a0\u00bbleft top\u00a0\u00bb][vc_column width=\u00a0\u00bb1\/1&Prime;][rev_slider_vc alias=\u00a0\u00bbcs-design-home-2&Prime;][\/vc_column][\/vc_row][vc_row bg_color=\u00a0\u00bb#222222&Prime; section_arrow=\u00a0\u00bbfalse\u00a0\u00bb text_color=\u00a0\u00bblight\u00a0\u00bb top_padding=\u00a0\u00bb50&Prime; bottom_padding=\u00a0\u00bb50&Prime; bg_position=\u00a0\u00bbleft top\u00a0\u00bb][vc_column][vc_row_inner][vc_column_inner width=\u00a0\u00bb1\/6&Prime;][\/vc_column_inner][vc_column_inner width=\u00a0\u00bb1\/3&Prime;][vc_column_text]CS DESIGN est une agence pluridisciplinaire dans le domaine de la mus\u00e9ographie et de l\u2019am\u00e9nagement d\u2019espaces recevant du public.[\/vc_column_text][\/vc_column_inner][vc_column_inner width=\u00a0\u00bb1\/3&Prime; css=\u00a0\u00bb.vc_custom_1548317984135{padding-top: 20px !important;}\u00a0\u00bb][vc_column_text el_class=\u00a0\u00bbquote-home\u00a0\u00bb] Nous concevons vos projets d&rsquo;am\u00e9nagement et vous accompagnons dans leur r\u00e9alisation.[\/vc_column_text][\/vc_column_inner][vc_column_inner width=\u00a0\u00bb1\/6&Prime;][\/vc_column_inner][\/vc_row_inner][\/vc_column][\/vc_row][vc_row type=\u00a0\u00bbfull_width_section\u00a0\u00bb bg_color=\u00a0\u00bb#ffffff\u00a0\u00bb top_padding=\u00a0\u00bb0&Prime; bottom_padding=\u00a0\u00bb0&Prime; bg_position=\u00a0\u00bbleft top\u00a0\u00bb][vc_column column_padding=\u00a0\u00bbcustom-padding\u00a0\u00bb width=\u00a0\u00bb1\/4&Prime;][\/vc_column][vc_column column_padding=\u00a0\u00bbcustom-padding\u00a0\u00bb width=\u00a0\u00bb1\/4&Prime;][\/vc_column][vc_column column_padding=\u00a0\u00bbcustom-padding\u00a0\u00bb width=\u00a0\u00bb1\/4&Prime;][\/vc_column][vc_column column_padding=\u00a0\u00bbcustom-padding\u00a0\u00bb width=\u00a0\u00bb1\/4&Prime;][\/vc_column][\/vc_row][vc_row bg_color=\u00a0\u00bb#e61a4a\u00a0\u00bb section_arrow=\u00a0\u00bbfalse\u00a0\u00bb text_color=\u00a0\u00bblight\u00a0\u00bb top_padding=\u00a0\u00bb50&Prime; bottom_padding=\u00a0\u00bb50&Prime; bg_position=\u00a0\u00bbleft top\u00a0\u00bb][vc_column width=\u00a0\u00bb1\/1&Prime;][vc_row_inner][vc_column_inner width=\u00a0\u00bb1\/4&Prime; css=\u00a0\u00bb.vc_custom_1547816253838{padding: 50px !important;}\u00a0\u00bb][\/vc_column_inner][vc_column_inner width=\u00a0\u00bb1\/2&Prime; css=\u00a0\u00bb.vc_custom_1548075702875{padding-top: 50px !important;padding-bottom: 50px !important;}\u00a0\u00bb][vc_column_text]L\u2019agence CS DESIGN a \u00e9t\u00e9 cr\u00e9\u00e9e autour de Claire Simonet, sc\u00e9nographe designer, et Christian Sintes, charg\u00e9 d\u2019affaire dans le b\u00e2timent. Ensemble ils r\u00e9pondent aux commandes publiques comme priv\u00e9es en cr\u00e9ant l\u2019\u00e9quipe ad\u00e9quate avec leurs partenaires mus\u00e9ographes, graphistes, architectes \u2026[\/vc_column_text][\/vc_column_inner][vc_column_inner width=\u00a0\u00bb1\/4&Prime; css=\u00a0\u00bb.vc_custom_1548075709565{padding-top: 50px !important;padding-bottom: 50px !important;}\u00a0\u00bb][\/vc_column_inner][\/vc_row_inner][\/vc_column][vc_column text_align=\u00a0\u00bbcenter\u00a0\u00bb][\/vc_column][\/vc_row][vc_row type=\u00a0\u00bbfull_width_section\u00a0\u00bb text_align=\u00a0\u00bbcenter\u00a0\u00bb top_padding=\u00a0\u00bb50&Prime; bottom_padding=\u00a0\u00bb50&Prime; bg_position=\u00a0\u00bbcenter top\u00a0\u00bb][vc_column width=\u00a0\u00bb1\/1&Prime;][\/vc_column][\/vc_row][vc_row bg_color=\u00a0\u00bb#262626&Prime; top_padding=\u00a0\u00bb50&Prime; bottom_padding=\u00a0\u00bb50&Prime;][vc_column width=\u00a0\u00bb1\/1&Prime;][\/vc_column][\/vc_row][vc_row bottom_padding=\u00a0\u00bb60&Prime;][vc_column width=\u00a0\u00bb1\/1&Prime;][vc_row_inner][vc_column_inner width=\u00a0\u00bb1\/6&Prime;][\/vc_column_inner][vc_column_inner width=\u00a0\u00bb1\/6&Prime;][\/vc_column_inner][vc_column_inner width=\u00a0\u00bb1\/6&Prime;][\/vc_column_inner][vc_column_inner width=\u00a0\u00bb1\/6&Prime;][\/vc_column_inner][vc_column_inner width=\u00a0\u00bb1\/6&Prime;][\/vc_column_inner][vc_column_inner width=\u00a0\u00bb1\/6&Prime;][\/vc_column_inner][\/vc_row_inner][\/vc_column][\/vc_row]<\/p>\n","protected":false},"author":2,"featured_media":0,"parent":0,"menu_order":0,"comment_status":"closed","ping_status":"closed","template":"","meta":{"footnotes":""},"class_list":["post-4174","page","type-page","status-publish","hentry"],"_links":{"self":[{"href":"https:\/\/www.csdesign.fr\/wordpress\/wp-json\/wp\/v2\/pages\/4174","targetHints":{"allow":["GET"]}}],"collection":[{"href":"https:\/\/www.csdesign.fr\/wordpress\/wp-json\/wp\/v2\/pages"}],"about":[{"href":"https:\/\/www.csdesign.fr\/wordpress\/wp-json\/wp\/v2\/types\/page"}],"author":[{"embeddable":true,"href":"https:\/\/www.csdesign.fr\/wordpress\/wp-json\/wp\/v2\/users\/2"}],"replies":[{"embeddable":true,"href":"https:\/\/www.csdesign.fr\/wordpress\/wp-json\/wp\/v2\/comments?post=4174"}],"version-history":[{"count":2,"href":"https:\/\/www.csdesign.fr\/wordpress\/wp-json\/wp\/v2\/pages\/4174\/revisions"}],"predecessor-version":[{"id":16208,"href":"https:\/\/www.csdesign.fr\/wordpress\/wp-json\/wp\/v2\/pages\/4174\/revisions\/16208"}],"wp:attachment":[{"href":"https:\/\/www.csdesign.fr\/wordpress\/wp-json\/wp\/v2\/media?parent=4174"}],"curies":[{"name":"wp","href":"https:\/\/api.w.org\/{rel}","templated":true}]}}